{"id":682,"date":"2022-02-20T07:07:33","date_gmt":"2022-02-20T07:07:33","guid":{"rendered":"https:\/\/startersites.io\/stagingthree\/?page_id=682"},"modified":"2025-08-15T15:22:12","modified_gmt":"2025-08-15T20:22:12","slug":"publicaciones","status":"publish","type":"page","link":"https:\/\/derechosinfronteras.pe\/ingles\/publicaciones\/","title":{"rendered":"Publicaciones"},"content":{"rendered":"<p><\/p>\n\n\n\n<div class=\"wp-block-stackable-heading stk-block-heading stk-block-heading--v2 stk-block stk-41f6f5a\" id=\"strong-span-style-color-0693-e-3-class-stk-highlight-investigaciones-manuales-guias-y-estudios-span-strong\" data-block-id=\"41f6f5a\"><style>.stk-41f6f5a {margin-bottom:67px !important;}.stk-41f6f5a .stk-block-heading__text{font-size:34px !important;line-height:1.2em !important;}@media screen and (max-width:999px){.stk-41f6f5a .stk-block-heading__text{font-size:34px !important;}}<\/style><h1 class=\"stk-block-heading__text has-text-align-center\"><strong><span style=\"color: #0693e3;\" class=\"stk-highlight\">Investigaciones, manuales, gu\u00edas y estudios<\/span><\/strong><\/h1><\/div>\n\n\n\n<div class=\"wp-block-stackable-columns stk-block-columns stk-block stk-15dc538\" data-block-id=\"15dc538\"><div class=\"stk-row stk-inner-blocks stk-block-content stk-content-align stk-15dc538-column\">\n<div class=\"wp-block-stackable-column stk-block-column stk-column stk-block stk-ef13c76\" data-v=\"4\" data-block-id=\"ef13c76\"><div class=\"stk-column-wrapper stk-block-column__content stk-container stk-ef13c76-container stk--no-background stk--no-padding\"><div class=\"stk-block-content stk-inner-blocks stk-ef13c76-inner-blocks\">\n<figure class=\"wp-block-image size-full\"><img fetchpriority=\"high\" decoding=\"async\" width=\"643\" height=\"911\" src=\"https:\/\/derechosinfronteras.pe\/wp-content\/uploads\/2025\/11\/TAPA.jpg\" alt=\"\" class=\"wp-image-9057\" srcset=\"https:\/\/derechosinfronteras.pe\/wp-content\/uploads\/2025\/11\/TAPA.jpg 643w, https:\/\/derechosinfronteras.pe\/wp-content\/uploads\/2025\/11\/TAPA-212x300.jpg 212w\" sizes=\"(max-width: 643px) 100vw, 643px\" \/><\/figure>\n\n\n\n<p><span style=\"color: #000000;\" class=\"stk-highlight\"><strong>Atenci\u00f3n a mujeres de Espinar afectadas por metales y metaloides e identificaci\u00f3n de impactos en su salud sexual y reproductiva.<\/strong><\/span> Hallazgos del estudio evidencian impactos en la salud sexual y reproductiva de mujeres de Espinar por exposici\u00f3n a metales y metaloides.<\/p>\n\n\n\n<div class=\"wp-block-file aligncenter\"><a href=\"https:\/\/derechosinfronteras.pe\/wp-content\/uploads\/2025\/11\/Atencion-a-mujeres-de-Espinar-afectadas-por-metales-y-metaloides.pdf\" class=\"wp-block-file__button wp-element-button\" download>Descargar PDF<\/a><\/div>\n<\/div><\/div><\/div>\n\n\n\n<div class=\"wp-block-stackable-column stk-block-column stk-column stk-block stk-5b59213\" data-v=\"4\" data-block-id=\"5b59213\"><div class=\"stk-column-wrapper stk-block-column__content stk-container stk-5b59213-container stk--no-background stk--no-padding\"><div class=\"stk-block-content stk-inner-blocks stk-5b59213-inner-blocks\">\n<figure class=\"wp-block-image size-full is-resized\"><img decoding=\"async\" width=\"645\" height=\"913\" src=\"https:\/\/derechosinfronteras.pe\/wp-content\/uploads\/2025\/11\/TAPA-1.jpg\" alt=\"\" class=\"wp-image-9071\" style=\"width:412px;height:auto\" srcset=\"https:\/\/derechosinfronteras.pe\/wp-content\/uploads\/2025\/11\/TAPA-1.jpg 645w, https:\/\/derechosinfronteras.pe\/wp-content\/uploads\/2025\/11\/TAPA-1-212x300.jpg 212w\" sizes=\"(max-width: 645px) 100vw, 645px\" \/><\/figure>\n\n\n\n<div class=\"wp-block-stackable-text stk-block-text stk-block stk-5bac49b\" data-block-id=\"5bac49b\"><p class=\"stk-block-text__text\">Este manual tiene el prop\u00f3sito de fortalecer los roles y funciones de las <strong>\u201cRondas Campesinas\u201d<\/strong>, que permitir\u00e1 mejorar la gesti\u00f3n de las comunidades campesinas del sur andino, as\u00ed como desarrollar y posicionar en la agenda p\u00fablica la justicia y la autonom\u00eda comunal.<\/p><\/div>\n\n\n\n<div class=\"wp-block-file aligncenter\"><a href=\"https:\/\/derechosinfronteras.pe\/wp-content\/uploads\/2025\/11\/MANUAL-PARA-RONDAS.pdf\" class=\"wp-block-file__button wp-element-button\" download>Descargar PDF<\/a><\/div>\n<\/div><\/div><\/div>\n\n\n\n<div class=\"wp-block-stackable-column stk-block-column stk-column stk-block stk-61ce7eb\" data-v=\"4\" data-block-id=\"61ce7eb\"><div class=\"stk-column-wrapper stk-block-column__content stk-container stk-61ce7eb-container stk--no-background stk--no-padding\"><div class=\"stk-block-content stk-inner-blocks stk-61ce7eb-inner-blocks\">\n<figure class=\"wp-block-image size-full\"><img decoding=\"async\" width=\"696\" height=\"1000\" src=\"https:\/\/derechosinfronteras.pe\/wp-content\/uploads\/2026\/02\/2.png\" alt=\"\" class=\"wp-image-9088\" srcset=\"https:\/\/derechosinfronteras.pe\/wp-content\/uploads\/2026\/02\/2.png 696w, https:\/\/derechosinfronteras.pe\/wp-content\/uploads\/2026\/02\/2-209x300.png 209w\" sizes=\"(max-width: 696px) 100vw, 696px\" \/><\/figure>\n\n\n\n<div class=\"wp-block-stackable-text stk-block-text stk-block stk-9187bc7\" data-block-id=\"9187bc7\"><p class=\"stk-block-text__text\"><strong>Sistematizaci\u00f3n de la experiencia de monitoreo ambiental comunitario en Espinar impulsada por AVMAE<\/strong>, que documenta el trabajo de las comunidades en la vigilancia del estado del agua, el fortalecimiento organizativo y el cuidado de la subcuenca del r\u00edo Ca\u00f1ip\u00eda.<\/p><\/div>\n\n\n\n<div class=\"wp-block-file\"><a href=\"https:\/\/derechosinfronteras.pe\/wp-content\/uploads\/2026\/02\/Sistematizacion-de-la-experiencia-del-monitoreo.pdf\" class=\"wp-block-file__button wp-element-button\" download>Descargar PDF<\/a><\/div>\n<\/div><\/div><\/div>\n<\/div><\/div>\n\n\n\n<div class=\"wp-block-stackable-columns stk-block-columns stk-block stk-956394e\" data-block-id=\"956394e\"><style>.stk-956394e {margin-bottom:35px !important;}<\/style><div class=\"stk-row stk-inner-blocks stk-block-content stk-content-align stk-956394e-column\">\n<div class=\"wp-block-stackable-column stk-block-column stk-column stk-block stk-5320190\" data-v=\"4\" data-block-id=\"5320190\"><div class=\"stk-column-wrapper stk-block-column__content stk-container stk-5320190-container stk--no-background stk--no-padding\"><div class=\"stk-block-content stk-inner-blocks stk-5320190-inner-blocks\">\n<div class=\"wp-block-stackable-card stk-block-card stk-block stk-78b1604 stk-block-background is-style-default\" data-v=\"2\" data-block-id=\"78b1604\"><style>.stk-78b1604 {background-color:var(--theme-palette-color-5, #edeff2) !important;border-top-left-radius:5px !important;border-top-right-radius:5px !important;border-bottom-right-radius:5px !important;border-bottom-left-radius:5px !important;overflow:hidden !important;box-shadow:0px 0px 0px 0px #000000 !important;border-top-width:5px !important;border-right-width:5px !important;border-bottom-width:5px !important;border-left-width:5px !important;}.stk-78b1604:before{background-color:var(--theme-palette-color-5, #edeff2) !important;}.stk-78b1604-container{overflow:hidden !important;}.stk-78b1604 .stk-block-card__image{aspect-ratio:2\/3 !important;height:auto !important;}.stk-78b1604 .stk-block-card__image img{object-position:50% 50% !important;}@media screen and (max-width:999px){.stk-78b1604 .stk-block-card__image{height:auto !important;}}@media screen and (max-width:689px){.stk-78b1604 .stk-block-card__image{height:auto !important;}}<\/style><div class=\"stk--no-padding stk-container stk-78b1604-container stk-hover-parent\"><figure class=\"stk-block-card__image stk-img-wrapper stk-image--shape-stretch\"><img loading=\"lazy\" decoding=\"async\" class=\"stk-img wp-image-7989\" src=\"https:\/\/derechosinfronteras.pe\/wp-content\/uploads\/2024\/10\/Patrones-de-Criminalizacion.jpeg\" width=\"695\" height=\"1000\" alt=\"Derechos humanos y patrones de la criminalizaci\u00f3n\" srcset=\"https:\/\/derechosinfronteras.pe\/wp-content\/uploads\/2024\/10\/Patrones-de-Criminalizacion.jpeg 695w, https:\/\/derechosinfronteras.pe\/wp-content\/uploads\/2024\/10\/Patrones-de-Criminalizacion-209x300.jpeg 209w\" sizes=\"(max-width: 695px) 100vw, 695px\" \/><\/figure><div class=\"stk-container-padding stk-block-card__content\"><div class=\"stk-block-content stk-inner-blocks stk-78b1604-inner-blocks\">\n<div class=\"wp-block-stackable-text stk-block-text stk-block stk-f6db0ea\" data-block-id=\"f6db0ea\"><style>.stk-f6db0ea .stk-block-text__text{font-size:14px !important;}@media screen and (max-width:999px){.stk-f6db0ea .stk-block-text__text{font-size:14px !important;}}<\/style><p class=\"stk-block-text__text\"><strong>Derechos humanos y patrones de criminalizaci\u00f3n en el corredor minero del Cusco,<\/strong> revela c\u00f3mo la miner\u00eda en el sur de Per\u00fa vulnera los derechos de comunidades ind\u00edgenas. Se denuncia la criminalizaci\u00f3n de protestas, el despojo de tierras y la contaminaci\u00f3n, y se proponen medidas para proteger derechos y promover una miner\u00eda m\u00e1s justa.<\/p><\/div>\n\n\n\n<div class=\"wp-block-stackable-button-group stk-block-button-group stk-block stk-accd5f8\" data-block-id=\"accd5f8\"><div class=\"stk-row stk-inner-blocks has-text-align-center stk-block-content stk-button-group\">\n<div class=\"wp-block-stackable-button stk-block-button stk-block stk-2ad14d2\" data-block-id=\"2ad14d2\"><style>.stk-2ad14d2 .stk-button{background:var(--theme-palette-color-1, #ffcd05) !important;}.stk-2ad14d2 .stk-button:before{border-style:solid !important;border-color:var(--theme-palette-color-2, #f7b500) !important;}.stk-2ad14d2 .stk-button__inner-text{color:var(--theme-palette-color-4, #111518) !important;}<\/style><a class=\"stk-link stk-button stk--hover-effect-scale-more\" href=\"https:\/\/derechosinfronteras.pe\/wp-content\/uploads\/2024\/10\/Derechos-humanos-y-patrones-de-criminalizacion-en-el-corredor-minero-del-Cusco.pdf\" target=\"_blank\" rel=\"noreferrer noopener\"><span class=\"has-text-color stk-button__inner-text\">Descargar PDF<\/span><\/a><\/div>\n<\/div><\/div>\n<\/div><\/div><\/div><\/div>\n<\/div><\/div><\/div>\n\n\n\n<div class=\"wp-block-stackable-column stk-block-column stk-column stk-block stk-b5995d8\" data-v=\"4\" data-block-id=\"b5995d8\"><div class=\"stk-column-wrapper stk-block-column__content stk-container stk-b5995d8-container stk--no-background stk--no-padding\"><div class=\"stk-block-content stk-inner-blocks stk-b5995d8-inner-blocks\">\n<div class=\"wp-block-stackable-card stk-block-card stk-block stk-055d7f7 stk-block-background is-style-default\" data-v=\"2\" data-block-id=\"055d7f7\"><style>.stk-055d7f7 {background-color:var(--theme-palette-color-5, #edeff2) !important;border-top-left-radius:5px !important;border-top-right-radius:5px !important;border-bottom-right-radius:5px !important;border-bottom-left-radius:5px !important;overflow:hidden !important;box-shadow:0px 0px 0px 0px #000000 !important;border-top-width:5px !important;border-right-width:5px !important;border-bottom-width:5px !important;border-left-width:5px !important;}.stk-055d7f7:before{background-color:var(--theme-palette-color-5, #edeff2) !important;}.stk-055d7f7-container{overflow:hidden !important;}.stk-055d7f7 .stk-block-card__image{aspect-ratio:2\/3 !important;height:auto !important;}.stk-055d7f7 .stk-block-card__image img{object-position:50% 50% !important;}@media screen and (max-width:999px){.stk-055d7f7 .stk-block-card__image{height:auto !important;}}@media screen and (max-width:689px){.stk-055d7f7 .stk-block-card__image{height:auto !important;}}<\/style><div class=\"stk--no-padding stk-container stk-055d7f7-container stk-hover-parent\"><figure class=\"stk-block-card__image stk-img-wrapper stk-image--shape-stretch\"><img loading=\"lazy\" decoding=\"async\" class=\"stk-img wp-image-7999\" src=\"https:\/\/derechosinfronteras.pe\/wp-content\/uploads\/2024\/10\/Mineria-artesanal.jpeg\" width=\"695\" height=\"1000\" alt=\"Derechos humanos y patrones de la criminalizaci\u00f3n\" srcset=\"https:\/\/derechosinfronteras.pe\/wp-content\/uploads\/2024\/10\/Mineria-artesanal.jpeg 695w, https:\/\/derechosinfronteras.pe\/wp-content\/uploads\/2024\/10\/Mineria-artesanal-209x300.jpeg 209w\" sizes=\"(max-width: 695px) 100vw, 695px\" \/><\/figure><div class=\"stk-container-padding stk-block-card__content\"><div class=\"stk-block-content stk-inner-blocks stk-055d7f7-inner-blocks\">\n<div class=\"wp-block-stackable-text stk-block-text stk-block stk-074bf4e\" data-block-id=\"074bf4e\"><style>.stk-074bf4e .stk-block-text__text{font-size:14px !important;}@media screen and (max-width:999px){.stk-074bf4e .stk-block-text__text{font-size:14px !important;}}<\/style><p class=\"stk-block-text__text\"><strong>Miner\u00eda artesanal y de peque\u00f1a escala en Chumbivilcas,<\/strong> aborda la miner\u00eda artesanal en Chamaca, Livitaca, Velille y Colquemarca (Chumbivilcas, Per\u00fa) y su interacci\u00f3n con la gran miner\u00eda, destacando tensiones sociales, razones econ\u00f3micas y efectos ambientales. El an\u00e1lisis profundiza en los desaf\u00edos y beneficios que esta actividad representa para las comunidades locales.<\/p><\/div>\n\n\n\n<div class=\"wp-block-stackable-button-group stk-block-button-group stk-block stk-7809050\" data-block-id=\"7809050\"><div class=\"stk-row stk-inner-blocks has-text-align-center stk-block-content stk-button-group\">\n<div class=\"wp-block-stackable-button stk-block-button stk-block stk-e601f61\" data-block-id=\"e601f61\"><style>.stk-e601f61 .stk-button{background:var(--theme-palette-color-1, #ffcd05) !important;}.stk-e601f61 .stk-button:before{border-style:solid !important;border-color:var(--theme-palette-color-2, #f7b500) !important;}.stk-e601f61 .stk-button__inner-text{color:var(--theme-palette-color-4, #111518) !important;}<\/style><a class=\"stk-link stk-button stk--hover-effect-scale-more\" href=\"https:\/\/derechosinfronteras.pe\/wp-content\/uploads\/2024\/10\/Mineria-artesanal-y-de-pequena-escala-en-Chumbivilcas-un-mapeo-inicial.pdf\" target=\"_blank\" rel=\"noreferrer noopener\"><span class=\"has-text-color stk-button__inner-text\">Descargar PDF<\/span><\/a><\/div>\n<\/div><\/div>\n<\/div><\/div><\/div><\/div>\n<\/div><\/div><\/div>\n\n\n\n<div class=\"wp-block-stackable-column stk-block-column stk-column stk-block stk-8e9fe6c\" data-v=\"4\" data-block-id=\"8e9fe6c\"><div class=\"stk-column-wrapper stk-block-column__content stk-container stk-8e9fe6c-container stk--no-background stk--no-padding\"><div class=\"stk-block-content stk-inner-blocks stk-8e9fe6c-inner-blocks\">\n<div class=\"wp-block-stackable-card stk-block-card stk-block stk-a08c029 stk-block-background is-style-default\" data-v=\"2\" data-block-id=\"a08c029\"><style>.stk-a08c029 {background-color:var(--theme-palette-color-5, #edeff2) !important;border-top-left-radius:5px !important;border-top-right-radius:5px !important;border-bottom-right-radius:5px !important;border-bottom-left-radius:5px !important;overflow:hidden !important;box-shadow:0px 0px 0px 0px #000000 !important;border-top-width:5px !important;border-right-width:5px !important;border-bottom-width:5px !important;border-left-width:5px !important;}.stk-a08c029:before{background-color:var(--theme-palette-color-5, #edeff2) !important;}.stk-a08c029-container{overflow:hidden !important;}.stk-a08c029 .stk-block-card__image{aspect-ratio:2\/3 !important;height:auto !important;}.stk-a08c029 .stk-block-card__image img{object-position:50% 50% !important;}@media screen and (max-width:999px){.stk-a08c029 .stk-block-card__image{height:auto !important;}}@media screen and (max-width:689px){.stk-a08c029 .stk-block-card__image{height:auto !important;}}<\/style><div class=\"stk--no-padding stk-container stk-a08c029-container stk-hover-parent\"><figure class=\"stk-block-card__image stk-img-wrapper stk-image--shape-stretch\"><img loading=\"lazy\" decoding=\"async\" class=\"stk-img wp-image-8002\" src=\"https:\/\/derechosinfronteras.pe\/wp-content\/uploads\/2024\/10\/Mujeres-Mineria-y-Salud-Mental.jpeg\" width=\"701\" height=\"1000\" alt=\"Derechos humanos y patrones de la criminalizaci\u00f3n\" srcset=\"https:\/\/derechosinfronteras.pe\/wp-content\/uploads\/2024\/10\/Mujeres-Mineria-y-Salud-Mental.jpeg 701w, https:\/\/derechosinfronteras.pe\/wp-content\/uploads\/2024\/10\/Mujeres-Mineria-y-Salud-Mental-210x300.jpeg 210w\" sizes=\"(max-width: 701px) 100vw, 701px\" \/><\/figure><div class=\"stk-container-padding stk-block-card__content\"><div class=\"stk-block-content stk-inner-blocks stk-a08c029-inner-blocks\">\n<div class=\"wp-block-stackable-text stk-block-text stk-block stk-c27c91e\" data-block-id=\"c27c91e\"><style>.stk-c27c91e .stk-block-text__text{font-size:14px !important;}@media screen and (max-width:999px){.stk-c27c91e .stk-block-text__text{font-size:14px !important;}}<\/style><p class=\"stk-block-text__text\"><strong>Mujer, Miner\u00eda y Salud Mental,<\/strong> examina el impacto psicol\u00f3gico del proyecto minero Tintaya-Antapaccay en mujeres de Espinar, Per\u00fa. La contaminaci\u00f3n, p\u00e9rdida de tierras y dificultades econ\u00f3micas generan estr\u00e9s, ansiedad y depresi\u00f3n. La desconfianza y ruptura social agravan la situaci\u00f3n, sugiriendo acciones para mejorar la salud mental y mitigar efectos.<\/p><\/div>\n\n\n\n<div class=\"wp-block-stackable-button-group stk-block-button-group stk-block stk-8d882a7\" data-block-id=\"8d882a7\"><div class=\"stk-row stk-inner-blocks has-text-align-center stk-block-content stk-button-group\">\n<div class=\"wp-block-stackable-button stk-block-button stk-block stk-ef4085a\" data-block-id=\"ef4085a\"><style>.stk-ef4085a .stk-button{background:var(--theme-palette-color-1, #ffcd05) !important;}.stk-ef4085a .stk-button:before{border-style:solid !important;border-color:var(--theme-palette-color-2, #f7b500) !important;}.stk-ef4085a .stk-button__inner-text{color:var(--theme-palette-color-4, #111518) !important;}<\/style><a class=\"stk-link stk-button stk--hover-effect-scale-more\" href=\"https:\/\/derechosinfronteras.pe\/wp-content\/uploads\/2024\/10\/Mujeres-Mineria-y-Salud-Mental-en-Espinar.pdf\" target=\"_blank\" rel=\"noreferrer noopener\"><span class=\"has-text-color stk-button__inner-text\">Descargar PDF<\/span><\/a><\/div>\n<\/div><\/div>\n<\/div><\/div><\/div><\/div>\n<\/div><\/div><\/div>\n<\/div><\/div>\n\n\n\n<div class=\"wp-block-stackable-columns alignfull stk-block-columns stk-block stk-fa06ac5 stk-block-background stk--has-background-overlay\" data-block-id=\"fa06ac5\"><style>.stk-fa06ac5 .stk--block-align-fa06ac5{align-items:center !important;}.stk-fa06ac5 {background-color:#000000 !important;background-image:url(https:\/\/derechosinfronteras.pe\/wp-content\/uploads\/2023\/10\/WhatsApp-Image-2023-10-16-at-10.41.52-AM-2.jpeg) !important;padding-top:150px !important;padding-bottom:150px !important;margin-bottom:0px !important;}.stk-fa06ac5:before{background-color:#000000 !important;opacity:0.3 !important;}.stk-fa06ac5-column{--stk-column-gap:35px !important;}@media screen and (max-width:999px){.stk-fa06ac5 {padding-top:100px !important;padding-bottom:100px !important;}}<\/style><div class=\"stk-row stk-inner-blocks stk--block-align-fa06ac5 stk-block-content stk-content-align stk-fa06ac5-column\">\n<div class=\"wp-block-stackable-column stk-block-column stk-column stk-block stk-87db624\" data-v=\"4\" data-block-id=\"87db624\"><style>.stk-87db624-container{margin-top:0px !important;margin-right:0px !important;margin-bottom:0px !important;margin-left:0px !important;}@media screen and (min-width:690px) and (max-width:999px){.stk-87db624 {flex:var(--stk-flex-grow, 1) 1 calc(50% - var(--stk-column-gap, 0px) * 0 \/ 1 ) !important;}}<\/style><div class=\"stk-column-wrapper stk-block-column__content stk-container stk-87db624-container stk--no-background stk--no-padding\"><div class=\"stk-block-content stk-inner-blocks stk-87db624-inner-blocks\"><\/div><\/div><\/div>\n\n\n\n<div class=\"wp-block-stackable-column stk-block-column stk-column stk-block stk-fedc1ed\" data-v=\"4\" data-block-id=\"fedc1ed\"><style>.stk-fedc1ed-container{margin-top:0px !important;margin-right:0px !important;margin-bottom:0px !important;margin-left:0px !important;}@media screen and (min-width:690px) and (max-width:999px){.stk-fedc1ed {flex:var(--stk-flex-grow, 1) 1 calc(100% - var(--stk-column-gap, 0px) * 0 \/ 1 ) !important;}}<\/style><div class=\"stk-column-wrapper stk-block-column__content stk-container stk-fedc1ed-container stk--no-background stk--no-padding\"><div class=\"stk-block-content stk-inner-blocks stk-fedc1ed-inner-blocks\">\n<div class=\"wp-block-stackable-text stk-block-text stk-block stk-364ff0d\" data-block-id=\"364ff0d\"><style>.stk-364ff0d {margin-bottom:10px !important;}.stk-364ff0d .stk-block-text__text{color:var(--theme-palette-color-5, #edeff2) !important;}<\/style><p class=\"stk-block-text__text has-text-color has-palette-color-5-color has-text-align-center-mobile\"><strong>Derechos Humanos Sin Fronteras:<\/strong><\/p><\/div>\n\n\n\n<div class=\"wp-block-stackable-divider stk-block-divider stk--hide-mobile has-text-align-left stk-block stk-dcead3d is-style-bar\" data-block-id=\"dcead3d\"><style>.stk-dcead3d hr.stk-block-divider__hr{background:var(--theme-palette-color-1, #ffcd05) !important;border-radius:calc(4px \/ 2) !important;height:4px !important;width:17% !important;}.stk-dcead3d {margin-bottom:15px !important;}<\/style><hr class=\"stk-block-divider__hr\"\/><\/div>\n\n\n\n<div class=\"wp-block-stackable-heading stk-block-heading stk-block-heading--v2 stk-block stk-c386a7c\" id=\"promoviendo-el-bienestar-en-comunidades-afectadas-por-la-mineria\" data-block-id=\"c386a7c\"><style>.stk-c386a7c {margin-bottom:20px !important;}.stk-c386a7c .stk-block-heading__text{font-size:50px !important;color:var(--theme-palette-color-8, #ffffff) !important;line-height:1.2em !important;}@media screen and (max-width:999px){.stk-c386a7c .stk-block-heading__text{font-size:40px !important;}}<\/style><h2 class=\"stk-block-heading__text has-text-color has-palette-color-8-color has-text-align-center-mobile\">Promoviendo el Bienestar en Comunidades Afectadas por la Miner\u00eda<\/h2><\/div>\n\n\n\n<div class=\"wp-block-stackable-text stk-block-text stk-block stk-35e8da2\" data-block-id=\"35e8da2\"><style>.stk-35e8da2 {margin-bottom:40px !important;}.stk-35e8da2 .stk-block-text__text{color:var(--theme-palette-color-5, #edeff2) !important;}<\/style><p class=\"stk-block-text__text has-text-color has-palette-color-5-color has-text-align-center-mobile\">En DHSF trabajamos para generar conciencia y proponer soluciones efectivas que promuevan el bienestar de las comunidades afectadas por la miner\u00eda, fomentando la justicia social y la salud mental en las regiones impactadas.<\/p><\/div>\n\n\n\n<div class=\"wp-block-stackable-button-group stk-block-button-group stk-block stk-743ddb6\" data-block-id=\"743ddb6\"><div class=\"stk-row stk-inner-blocks has-text-align-center-mobile stk-block-content stk-button-group\">\n<div class=\"wp-block-stackable-button stk-block-button stk-block stk-ad610b2\" data-block-id=\"ad610b2\"><style>.stk-ad610b2 .stk-button{padding-top:12px !important;padding-right:30px !important;padding-bottom:12px !important;padding-left:30px !important;border-top-left-radius:3px !important;border-top-right-radius:3px !important;border-bottom-right-radius:3px !important;border-bottom-left-radius:3px !important;}.stk-ad610b2 .stk-button__inner-text{font-size:1.15em !important;color:var(--theme-palette-color-4, #111518) !important;}@media screen and (max-width:999px){.stk-ad610b2 .stk-button__inner-text{font-size:1.15em !important;}}<\/style><a class=\"stk-link stk-button stk--hover-effect-darken\" href=\"\"><span class=\"has-text-color has-palette-color-4-color stk-button__inner-text\">\u00c1reas de trabajo<\/span><\/a><\/div>\n<\/div><\/div>\n<\/div><\/div><\/div>\n<\/div><\/div>\n\n\n\n<div class=\"wp-block-stackable-spacer stk-block-spacer stk--no-padding stk-block stk-abda44f\" data-block-id=\"abda44f\"><style>.stk-abda44f {height:50px !important;}@media screen and (max-width:999px){.stk-abda44f {height:50px !important;}}<\/style><\/div>\n\n\n\n<div class=\"wp-block-stackable-heading stk-block-heading stk-block-heading--v2 stk-block stk-026b2e5\" id=\"preguntas\" data-block-id=\"026b2e5\"><style>.stk-026b2e5 {margin-bottom:0px !important;}.stk-026b2e5 .stk-block-heading__text{line-height:1.2em !important;}<\/style><h2 class=\"stk-block-heading__text has-text-align-center\">Preguntas<\/h2><\/div>\n\n\n\n<div class=\"wp-block-stackable-spacer stk-block-spacer stk--no-padding stk-block stk-74eb27f\" data-block-id=\"74eb27f\"><style>.stk-74eb27f {height:50px !important;}@media screen and (max-width:999px){.stk-74eb27f {height:50px !important;}}<\/style><\/div>\n\n\n\n<div class=\"wp-block-stackable-columns stk-block-columns stk-block stk-d15ccc3\" data-block-id=\"d15ccc3\"><style>.stk-d15ccc3 .stk--block-align-d15ccc3{align-items:center !important;}.stk-d15ccc3 {margin-bottom:0px !important;}.stk-d15ccc3-column{--stk-column-gap:35px !important;row-gap:35px !important;}<\/style><div class=\"stk-row stk-inner-blocks stk--block-align-d15ccc3 stk-block-content stk-content-align stk-d15ccc3-column\">\n<div class=\"wp-block-stackable-column stk-block-column stk-column stk-block stk-dba5ae3\" data-v=\"4\" data-block-id=\"dba5ae3\"><style>.stk-dba5ae3-container{margin-top:0px !important;margin-right:0px !important;margin-bottom:0px !important;margin-left:0px !important;}.stk-dba5ae3 {align-self:flex-start !important;}<\/style><div class=\"stk-column-wrapper stk-block-column__content stk-container stk-dba5ae3-container stk--no-background stk--no-padding\"><div class=\"stk-block-content stk-inner-blocks stk-dba5ae3-inner-blocks\">\n<details class=\"wp-block-stackable-accordion stk-block-accordion stk-inner-blocks stk-block-content stk--single-open stk-block stk-033b6aa\" data-block-id=\"033b6aa\"><style>.stk-033b6aa {margin-bottom:35px !important;}<\/style>\n<summary class=\"wp-block-stackable-column stk-block-column stk-column stk-block stk-ddfac9a stk--container-small stk-block-accordion__heading\" data-v=\"4\" data-block-id=\"ddfac9a\"><style>.stk-ddfac9a-container{margin-top:0px !important;margin-right:0px !important;margin-bottom:0px !important;margin-left:0px !important;padding-top:25px !important;padding-right:25px !important;padding-bottom:25px !important;padding-left:25px !important;}.stk-ddfac9a {box-shadow:0px 5px 5px 0px #b0b5c11a !important;border-style:solid !important;border-color:var(--theme-palette-color-5, #edeff2) !important;}<\/style><div class=\"stk-column-wrapper stk-block-column__content stk-container stk-ddfac9a-container stk--no-background stk--no-padding\"><div class=\"stk-block-content stk-inner-blocks stk-ddfac9a-inner-blocks\">\n<div class=\"wp-block-stackable-icon-label stk-block-icon-label stk-block stk-2dd3250\" data-block-id=\"2dd3250\"><div class=\"stk-row stk-inner-blocks stk-block-content\">\n<div class=\"wp-block-stackable-heading stk-block-heading stk-block-heading--v2 stk-block stk-2384292\" id=\"que-es-la-defensa-de-los-derechos-humanos\" data-block-id=\"2384292\"><style>.stk-2384292 .stk-block-heading__text{font-size:17px !important;}@media screen and (max-width:999px){.stk-2384292 .stk-block-heading__text{font-size:17px !important;}}<\/style><h5 class=\"stk-block-heading__text\">\u00bfQu\u00e9 es la defensa de los derechos humanos?<\/h5><\/div>\n\n\n\n<div class=\"wp-block-stackable-icon stk-block-icon stk-block stk-3528be7\" data-block-id=\"3528be7\"><style>.stk-3528be7 .stk--svg-wrapper .stk--inner-svg svg:last-child{height:13px !important;width:13px !important;}.stk-3528be7 .stk--svg-wrapper .stk--inner-svg svg:last-child, .stk-3528be7 .stk--svg-wrapper .stk--inner-svg svg:last-child :is(g, path, rect, polygon, ellipse){fill:var(--theme-palette-color-4, #111518) !important;}<\/style><span class=\"stk--svg-wrapper\"><div class=\"stk--inner-svg\"><svg style=\"height:0;width:0\"><defs><lineargradient id=\"linear-gradient-3528be7\" x1=\"0\" x2=\"100%\" y1=\"0\" y2=\"0\"><stop offset=\"0%\" style=\"stop-opacity:1;stop-color:var(--linear-gradient-3528-be-7-color-1)\"><\/stop><stop offset=\"100%\" style=\"stop-opacity:1;stop-color:var(--linear-gradient-3528-be-7-color-2)\"><\/stop><\/lineargradient><\/defs><\/svg><svg data-prefix=\"fas\" data-icon=\"chevron-down\" class=\"svg-inline--fa fa-chevron-down fa-w-14\" xmlns=\"http:\/\/www.w3.org\/2000\/svg\" viewbox=\"0 0 448 512\" aria-hidden=\"true\" width=\"32\" height=\"32\"><path fill=\"currentColor\" d=\"M207.029 381.476L12.686 187.132c-9.373-9.373-9.373-24.569 0-33.941l22.667-22.667c9.357-9.357 24.522-9.375 33.901-.04L224 284.505l154.745-154.021c9.379-9.335 24.544-9.317 33.901.04l22.667 22.667c9.373 9.373 9.373 24.569 0 33.941L240.971 381.476c-9.373 9.372-24.569 9.372-33.942 0z\"><\/path><\/svg><\/div><\/span><\/div>\n<\/div><\/div>\n<\/div><\/div><\/summary>\n\n\n\n<div class=\"wp-block-stackable-column stk-block-column stk-column stk-block stk-072dc61 stk-block-accordion__content\" data-v=\"4\" data-block-id=\"072dc61\"><style>.stk-072dc61-container{margin-top:0px !important;margin-right:0px !important;margin-bottom:0px !important;margin-left:0px !important;padding-top:35px !important;padding-right:35px !important;padding-bottom:0px !important;padding-left:35px !important;}<\/style><div class=\"stk-column-wrapper stk-block-column__content stk-container stk-072dc61-container stk--no-background stk--no-padding\"><div class=\"stk-block-content stk-inner-blocks stk-072dc61-inner-blocks\">\n<p>La defensa de los derechos humanos implica proteger y promover los derechos fundamentales de todas las personas. Esto incluye el derecho a la vida, a la libertad, a la educaci\u00f3n y a un nivel de vida adecuado, entre otros. Los defensores de derechos humanos trabajan para identificar violaciones y buscar justicia y reparaci\u00f3n para las v\u00edctimas.<\/p>\n<\/div><\/div><\/div>\n<\/details>\n\n\n\n<details class=\"wp-block-stackable-accordion stk-block-accordion stk-inner-blocks stk-block-content stk--single-open stk-block stk-dd4a5d4\" data-block-id=\"dd4a5d4\"><style>.stk-dd4a5d4 {margin-bottom:35px !important;}<\/style>\n<summary class=\"wp-block-stackable-column stk-block-column stk-column stk-block stk-32a5094 stk--container-small stk-block-accordion__heading\" data-v=\"4\" data-block-id=\"32a5094\"><style>.stk-32a5094-container{margin-top:0px !important;margin-right:0px !important;margin-bottom:0px !important;margin-left:0px !important;padding-top:25px !important;padding-right:25px !important;padding-bottom:25px !important;padding-left:25px !important;}.stk-32a5094 {box-shadow:0px 5px 5px 0px #b0b5c11a !important;border-style:solid !important;border-color:var(--theme-palette-color-5, #edeff2) !important;}<\/style><div class=\"stk-column-wrapper stk-block-column__content stk-container stk-32a5094-container stk--no-background stk--no-padding\"><div class=\"stk-block-content stk-inner-blocks stk-32a5094-inner-blocks\">\n<div class=\"wp-block-stackable-icon-label stk-block-icon-label stk-block stk-5fd818a\" data-block-id=\"5fd818a\"><div class=\"stk-row stk-inner-blocks stk-block-content\">\n<div class=\"wp-block-stackable-heading stk-block-heading stk-block-heading--v2 stk-block stk-424e5bc\" id=\"como-se-ve-afectada-la-justicia-ambiental-en-las-comunidades-rurales\" data-block-id=\"424e5bc\"><style>.stk-424e5bc .stk-block-heading__text{font-size:17px !important;}@media screen and (max-width:999px){.stk-424e5bc .stk-block-heading__text{font-size:17px !important;}}<\/style><h5 class=\"stk-block-heading__text\"> \u00bfC\u00f3mo se ve afectada la justicia ambiental en las comunidades rurales?<\/h5><\/div>\n\n\n\n<div class=\"wp-block-stackable-icon stk-block-icon stk-block stk-86a2fbc\" data-block-id=\"86a2fbc\"><style>.stk-86a2fbc .stk--svg-wrapper .stk--inner-svg svg:last-child{height:13px !important;width:13px !important;}.stk-86a2fbc .stk--svg-wrapper .stk--inner-svg svg:last-child, .stk-86a2fbc .stk--svg-wrapper .stk--inner-svg svg:last-child :is(g, path, rect, polygon, ellipse){fill:var(--theme-palette-color-4, #111518) !important;}<\/style><span class=\"stk--svg-wrapper\"><div class=\"stk--inner-svg\"><svg style=\"height:0;width:0\"><defs><lineargradient id=\"linear-gradient-86a2fbc\" x1=\"0\" x2=\"100%\" y1=\"0\" y2=\"0\"><stop offset=\"0%\" style=\"stop-opacity:1;stop-color:var(--linear-gradient-86-a-2-fbc-color-1)\"><\/stop><stop offset=\"100%\" style=\"stop-opacity:1;stop-color:var(--linear-gradient-86-a-2-fbc-color-2)\"><\/stop><\/lineargradient><\/defs><\/svg><svg data-prefix=\"fas\" data-icon=\"chevron-down\" class=\"svg-inline--fa fa-chevron-down fa-w-14\" xmlns=\"http:\/\/www.w3.org\/2000\/svg\" viewbox=\"0 0 448 512\" aria-hidden=\"true\" width=\"32\" height=\"32\"><path fill=\"currentColor\" d=\"M207.029 381.476L12.686 187.132c-9.373-9.373-9.373-24.569 0-33.941l22.667-22.667c9.357-9.357 24.522-9.375 33.901-.04L224 284.505l154.745-154.021c9.379-9.335 24.544-9.317 33.901.04l22.667 22.667c9.373 9.373 9.373 24.569 0 33.941L240.971 381.476c-9.373 9.372-24.569 9.372-33.942 0z\"><\/path><\/svg><\/div><\/span><\/div>\n<\/div><\/div>\n<\/div><\/div><\/summary>\n\n\n\n<div class=\"wp-block-stackable-column stk-block-column stk-column stk-block stk-ad5b288 stk-block-accordion__content\" data-v=\"4\" data-block-id=\"ad5b288\"><style>.stk-ad5b288-container{margin-top:0px !important;margin-right:0px !important;margin-bottom:0px !important;margin-left:0px !important;padding-top:35px !important;padding-right:35px !important;padding-bottom:0px !important;padding-left:35px !important;}<\/style><div class=\"stk-column-wrapper stk-block-column__content stk-container stk-ad5b288-container stk--no-background stk--no-padding\"><div class=\"stk-block-content stk-inner-blocks stk-ad5b288-inner-blocks\">\n<p>Las comunidades rurales a menudo enfrentan problemas ambientales significativos debido a la actividad industrial, como la miner\u00eda y la deforestaci\u00f3n. Esto puede llevar a la contaminaci\u00f3n del agua y del suelo, afectando la salud y los medios de vida de los residentes. La justicia ambiental busca abordar estas injusticias y asegurar que las comunidades tengan voz en la toma de decisiones que impactan su entorno.<\/p>\n<\/div><\/div><\/div>\n<\/details>\n<\/div><\/div><\/div>\n\n\n\n<div class=\"wp-block-stackable-column stk-block-column stk-column stk-block stk-8812d61\" data-v=\"4\" data-block-id=\"8812d61\"><style>.stk-8812d61-container{margin-top:0px !important;margin-right:0px !important;margin-bottom:0px !important;margin-left:0px !important;}.stk-8812d61 {align-self:flex-start !important;}<\/style><div class=\"stk-column-wrapper stk-block-column__content stk-container stk-8812d61-container stk--no-background stk--no-padding\"><div class=\"stk-block-content stk-inner-blocks stk-8812d61-inner-blocks\">\n<details class=\"wp-block-stackable-accordion stk-block-accordion stk-inner-blocks stk-block-content stk--single-open stk-block stk-1c64b11\" data-block-id=\"1c64b11\"><style>.stk-1c64b11 {margin-bottom:35px !important;}<\/style>\n<summary class=\"wp-block-stackable-column stk-block-column stk-column stk-block stk-18cf8b2 stk--container-small stk-block-accordion__heading\" data-v=\"4\" data-block-id=\"18cf8b2\"><style>.stk-18cf8b2-container{margin-top:0px !important;margin-right:0px !important;margin-bottom:0px !important;margin-left:0px !important;padding-top:25px !important;padding-right:25px !important;padding-bottom:25px !important;padding-left:25px !important;}.stk-18cf8b2 {box-shadow:0px 5px 5px 0px #b0b5c11a !important;border-style:solid !important;border-color:var(--theme-palette-color-5, #edeff2) !important;}<\/style><div class=\"stk-column-wrapper stk-block-column__content stk-container stk-18cf8b2-container stk--no-background stk--no-padding\"><div class=\"stk-block-content stk-inner-blocks stk-18cf8b2-inner-blocks\">\n<div class=\"wp-block-stackable-icon-label stk-block-icon-label stk-block stk-5072d5e\" data-block-id=\"5072d5e\"><div class=\"stk-row stk-inner-blocks stk-block-content\">\n<div class=\"wp-block-stackable-heading stk-block-heading stk-block-heading--v2 stk-block stk-40993f3\" id=\"por-que-es-importante-la-justicia-social\" data-block-id=\"40993f3\"><style>.stk-40993f3 .stk-block-heading__text{font-size:17px !important;}@media screen and (max-width:999px){.stk-40993f3 .stk-block-heading__text{font-size:17px !important;}}<\/style><h5 class=\"stk-block-heading__text\">\u00bfPor qu\u00e9 es importante la justicia social?<\/h5><\/div>\n\n\n\n<div class=\"wp-block-stackable-icon stk-block-icon stk-block stk-0b78ed2\" data-block-id=\"0b78ed2\"><style>.stk-0b78ed2 .stk--svg-wrapper .stk--inner-svg svg:last-child{height:13px !important;width:13px !important;}.stk-0b78ed2 .stk--svg-wrapper .stk--inner-svg svg:last-child, .stk-0b78ed2 .stk--svg-wrapper .stk--inner-svg svg:last-child :is(g, path, rect, polygon, ellipse){fill:var(--theme-palette-color-4, #111518) !important;}<\/style><span class=\"stk--svg-wrapper\"><div class=\"stk--inner-svg\"><svg style=\"height:0;width:0\"><defs><lineargradient id=\"linear-gradient-0b78ed2\" x1=\"0\" x2=\"100%\" y1=\"0\" y2=\"0\"><stop offset=\"0%\" style=\"stop-opacity:1;stop-color:var(--linear-gradient-0-b-78-ed-2-color-1)\"><\/stop><stop offset=\"100%\" style=\"stop-opacity:1;stop-color:var(--linear-gradient-0-b-78-ed-2-color-2)\"><\/stop><\/lineargradient><\/defs><\/svg><svg data-prefix=\"fas\" data-icon=\"chevron-down\" class=\"svg-inline--fa fa-chevron-down fa-w-14\" xmlns=\"http:\/\/www.w3.org\/2000\/svg\" viewbox=\"0 0 448 512\" aria-hidden=\"true\" width=\"32\" height=\"32\"><path fill=\"currentColor\" d=\"M207.029 381.476L12.686 187.132c-9.373-9.373-9.373-24.569 0-33.941l22.667-22.667c9.357-9.357 24.522-9.375 33.901-.04L224 284.505l154.745-154.021c9.379-9.335 24.544-9.317 33.901.04l22.667 22.667c9.373 9.373 9.373 24.569 0 33.941L240.971 381.476c-9.373 9.372-24.569 9.372-33.942 0z\"><\/path><\/svg><\/div><\/span><\/div>\n<\/div><\/div>\n<\/div><\/div><\/summary>\n\n\n\n<div class=\"wp-block-stackable-column stk-block-column stk-column stk-block stk-8723810 stk-block-accordion__content\" data-v=\"4\" data-block-id=\"8723810\"><style>.stk-8723810-container{margin-top:0px !important;margin-right:0px !important;margin-bottom:0px !important;margin-left:0px !important;padding-top:35px !important;padding-right:35px !important;padding-bottom:0px !important;padding-left:35px !important;}<\/style><div class=\"stk-column-wrapper stk-block-column__content stk-container stk-8723810-container stk--no-background stk--no-padding\"><div class=\"stk-block-content stk-inner-blocks stk-8723810-inner-blocks\">\n<p>La justicia social es crucial porque garantiza que todos los individuos tengan acceso equitativo a derechos y oportunidades, independientemente de su origen, g\u00e9nero o situaci\u00f3n econ\u00f3mica. Promueve un entorno donde se respetan la dignidad humana y se fomenta la inclusi\u00f3n, lo que contribuye a una sociedad m\u00e1s armoniosa y justa.<\/p>\n<\/div><\/div><\/div>\n<\/details>\n\n\n\n<details class=\"wp-block-stackable-accordion stk-block-accordion stk-inner-blocks stk-block-content stk--single-open stk-block stk-d8fbbed\" data-block-id=\"d8fbbed\"><style>.stk-d8fbbed {margin-bottom:35px !important;}<\/style>\n<summary class=\"wp-block-stackable-column stk-block-column stk-column stk-block stk-6291ce7 stk--container-small stk-block-accordion__heading\" data-v=\"4\" data-block-id=\"6291ce7\"><style>.stk-6291ce7-container{margin-top:0px !important;margin-right:0px !important;margin-bottom:0px !important;margin-left:0px !important;padding-top:25px !important;padding-right:25px !important;padding-bottom:25px !important;padding-left:25px !important;}.stk-6291ce7 {box-shadow:0px 5px 5px 0px #b0b5c11a !important;border-style:solid !important;border-color:var(--theme-palette-color-5, #edeff2) !important;}<\/style><div class=\"stk-column-wrapper stk-block-column__content stk-container stk-6291ce7-container stk--no-background stk--no-padding\"><div class=\"stk-block-content stk-inner-blocks stk-6291ce7-inner-blocks\">\n<div class=\"wp-block-stackable-icon-label stk-block-icon-label stk-block stk-e05248b\" data-block-id=\"e05248b\"><div class=\"stk-row stk-inner-blocks stk-block-content\">\n<div class=\"wp-block-stackable-heading stk-block-heading stk-block-heading--v2 stk-block stk-25a223c\" id=\"cuales-son-los-desafios-que-enfrentan-los-defensores-de-derechos-humanos\" data-block-id=\"25a223c\"><style>.stk-25a223c .stk-block-heading__text{font-size:17px !important;}@media screen and (max-width:999px){.stk-25a223c .stk-block-heading__text{font-size:17px !important;}}<\/style><h5 class=\"stk-block-heading__text\">\u00bfCu\u00e1les son los desaf\u00edos que enfrentan los defensores de derechos humanos?<\/h5><\/div>\n\n\n\n<div class=\"wp-block-stackable-icon stk-block-icon stk-block stk-ae9f02c\" data-block-id=\"ae9f02c\"><style>.stk-ae9f02c .stk--svg-wrapper .stk--inner-svg svg:last-child{height:13px !important;width:13px !important;}.stk-ae9f02c .stk--svg-wrapper .stk--inner-svg svg:last-child, .stk-ae9f02c .stk--svg-wrapper .stk--inner-svg svg:last-child :is(g, path, rect, polygon, ellipse){fill:var(--theme-palette-color-4, #111518) !important;}<\/style><span class=\"stk--svg-wrapper\"><div class=\"stk--inner-svg\"><svg style=\"height:0;width:0\"><defs><lineargradient id=\"linear-gradient-ae9f02c\" x1=\"0\" x2=\"100%\" y1=\"0\" y2=\"0\"><stop offset=\"0%\" style=\"stop-opacity:1;stop-color:var(--linear-gradient-ae-9-f-02-c-color-1)\"><\/stop><stop offset=\"100%\" style=\"stop-opacity:1;stop-color:var(--linear-gradient-ae-9-f-02-c-color-2)\"><\/stop><\/lineargradient><\/defs><\/svg><svg data-prefix=\"fas\" data-icon=\"chevron-down\" class=\"svg-inline--fa fa-chevron-down fa-w-14\" xmlns=\"http:\/\/www.w3.org\/2000\/svg\" viewbox=\"0 0 448 512\" aria-hidden=\"true\" width=\"32\" height=\"32\"><path fill=\"currentColor\" d=\"M207.029 381.476L12.686 187.132c-9.373-9.373-9.373-24.569 0-33.941l22.667-22.667c9.357-9.357 24.522-9.375 33.901-.04L224 284.505l154.745-154.021c9.379-9.335 24.544-9.317 33.901.04l22.667 22.667c9.373 9.373 9.373 24.569 0 33.941L240.971 381.476c-9.373 9.372-24.569 9.372-33.942 0z\"><\/path><\/svg><\/div><\/span><\/div>\n<\/div><\/div>\n<\/div><\/div><\/summary>\n\n\n\n<div class=\"wp-block-stackable-column stk-block-column stk-column stk-block stk-36c2d14 stk-block-accordion__content\" data-v=\"4\" data-block-id=\"36c2d14\"><style>.stk-36c2d14-container{margin-top:0px !important;margin-right:0px !important;margin-bottom:0px !important;margin-left:0px !important;padding-top:35px !important;padding-right:35px !important;padding-bottom:0px !important;padding-left:35px !important;}<\/style><div class=\"stk-column-wrapper stk-block-column__content stk-container stk-36c2d14-container stk--no-background stk--no-padding\"><div class=\"stk-block-content stk-inner-blocks stk-36c2d14-inner-blocks\">\n<p>Los defensores de derechos humanos a menudo enfrentan amenazas, acoso y violencia, especialmente en contextos donde los derechos son sistem\u00e1ticamente violados. Adem\u00e1s, pueden enfrentar obst\u00e1culos legales y falta de apoyo de las autoridades. Sin embargo, su trabajo es vital para crear conciencia y promover cambios positivos en la sociedad..<\/p>\n<\/div><\/div><\/div>\n<\/details>\n<\/div><\/div><\/div>\n<\/div><\/div>\n\n\n\n<div class=\"wp-block-stackable-spacer stk-block-spacer stk--no-padding stk-block stk-8716a57\" data-block-id=\"8716a57\"><style>.stk-8716a57 {height:50px !important;}@media screen and (max-width:999px){.stk-8716a57 {height:80px !important;}}<\/style><\/div>\n\n\n\n<p><\/p>","protected":false},"excerpt":{"rendered":"<p>Investigaciones, manuales, gu\u00edas y estudios Atenci\u00f3n a mujeres de Espinar afectadas por metales y metaloides e identificaci\u00f3n de impactos en su salud sexual y reproductiva. Hallazgos del estudio evidencian impactos en la salud sexual y reproductiva de mujeres de Espinar por exposici\u00f3n a metales y metaloides. Este manual tiene el prop\u00f3sito de fortalecer los roles [&hellip;]<\/p>\n","protected":false},"author":1,"featured_media":0,"parent":0,"menu_order":0,"comment_status":"closed","ping_status":"closed","template":"","meta":{"_monsterinsights_skip_tracking":false,"_monsterinsights_sitenote_active":false,"_monsterinsights_sitenote_note":"","_monsterinsights_sitenote_category":0,"footnotes":""},"class_list":["post-682","page","type-page","status-publish","hentry"],"blocksy_meta":{"styles_descriptor":{"styles":{"desktop":"","tablet":"","mobile":""},"google_fonts":[],"version":6}},"jetpack_sharing_enabled":true,"jetpack_likes_enabled":true,"_links":{"self":[{"href":"https:\/\/derechosinfronteras.pe\/ingles\/wp-json\/wp\/v2\/pages\/682","targetHints":{"allow":["GET"]}}],"collection":[{"href":"https:\/\/derechosinfronteras.pe\/ingles\/wp-json\/wp\/v2\/pages"}],"about":[{"href":"https:\/\/derechosinfronteras.pe\/ingles\/wp-json\/wp\/v2\/types\/page"}],"author":[{"embeddable":true,"href":"https:\/\/derechosinfronteras.pe\/ingles\/wp-json\/wp\/v2\/users\/1"}],"replies":[{"embeddable":true,"href":"https:\/\/derechosinfronteras.pe\/ingles\/wp-json\/wp\/v2\/comments?post=682"}],"version-history":[{"count":105,"href":"https:\/\/derechosinfronteras.pe\/ingles\/wp-json\/wp\/v2\/pages\/682\/revisions"}],"predecessor-version":[{"id":8729,"href":"https:\/\/derechosinfronteras.pe\/ingles\/wp-json\/wp\/v2\/pages\/682\/revisions\/8729"}],"wp:attachment":[{"href":"https:\/\/derechosinfronteras.pe\/ingles\/wp-json\/wp\/v2\/media?parent=682"}],"curies":[{"name":"wp","href":"https:\/\/api.w.org\/{rel}","templated":true}]}}