{"id":8643,"date":"2025-08-13T13:16:48","date_gmt":"2025-08-13T18:16:48","guid":{"rendered":"https:\/\/derechosinfronteras.pe\/?page_id=8643"},"modified":"2025-11-27T16:47:51","modified_gmt":"2025-11-27T21:47:51","slug":"audiovisual","status":"publish","type":"page","link":"https:\/\/derechosinfronteras.pe\/ingles\/audiovisual\/","title":{"rendered":"Productos audiovisuales"},"content":{"rendered":"<div class=\"wp-block-stackable-feature-grid alignwide stk-block-feature-grid stk-block-columns stk-block stk-7c11ea8 is-style-default\" data-block-id=\"7c11ea8\"><div class=\"stk-row stk-inner-blocks has-text-align-center stk-block-content stk-content-align stk-7c11ea8-column alignwide\">\n<div class=\"wp-block-stackable-column stk-block-column stk-column stk-block stk-041acbd\" data-v=\"4\" data-block-id=\"041acbd\"><div class=\"stk-column-wrapper stk-block-column__content stk-container stk-041acbd-container stk-hover-parent\"><div class=\"stk-block-content stk-inner-blocks stk-041acbd-inner-blocks\">\n<figure class=\"wp-block-video\"><video height=\"1080\" style=\"aspect-ratio: 1920 \/ 1080;\" width=\"1920\" controls poster=\"https:\/\/derechosinfronteras.pe\/wp-content\/uploads\/2025\/10\/Sin-titulo.png\" src=\"https:\/\/derechosinfronteras.pe\/wp-content\/uploads\/2025\/10\/DOCUMENTAL-K\u00b4ANAWARMI-ESPANOL-para-la-web-2.mp4\"><\/video><\/figure>\n\n\n\n<div class=\"wp-block-stackable-heading stk-block-heading stk-block-heading--v2 stk-block stk-13cbbb6\" id=\"documental-k-ana-warmi-no-dejes-nunca-de-latir\" data-block-id=\"13cbbb6\"><h3 class=\"stk-block-heading__text\">Documental K\u00b4ana Warmi \u00abNo dejes nunca de latir\u00bb<\/h3><\/div>\n\n\n\n<div class=\"wp-block-stackable-text stk-block-text stk-block stk-5ddb683\" data-block-id=\"5ddb683\"><p class=\"stk-block-text__text\">Mujeres que han sostenido a sus comunidades resistiendo y alzando la voz frente a un sistema que las vulnera en contextos exactivos de Espinar.<\/p><\/div>\n<\/div><\/div><\/div>\n\n\n\n<div class=\"wp-block-stackable-column stk-block-column stk-column stk-block stk-8e1b90a\" data-v=\"4\" data-block-id=\"8e1b90a\"><div class=\"stk-column-wrapper stk-block-column__content stk-container stk-8e1b90a-container stk-hover-parent\"><div class=\"stk-block-content stk-inner-blocks stk-8e1b90a-inner-blocks\">\n<figure class=\"wp-block-video\"><video height=\"1080\" style=\"aspect-ratio: 1920 \/ 1080;\" width=\"1920\" controls poster=\"https:\/\/derechosinfronteras.pe\/wp-content\/uploads\/2025\/10\/Sin-titulo2.jpg\" src=\"https:\/\/derechosinfronteras.pe\/wp-content\/uploads\/2025\/10\/documental-a-Oscar-final-PARA-LA-WEB.mp4\"><\/video><\/figure>\n\n\n\n<div class=\"wp-block-stackable-heading stk-block-heading stk-block-heading--v2 stk-block stk-0dea5db\" id=\"documental-a-un-lider-defensor-de-derechos-humanos\" data-block-id=\"0dea5db\"><h3 class=\"stk-block-heading__text\">Documental a un lider defensor de derechos humanos<\/h3><\/div>\n\n\n\n<div class=\"wp-block-stackable-text stk-block-text stk-block stk-500bb2e\" data-block-id=\"500bb2e\"><p class=\"stk-block-text__text\">Homenaje a un l\u00edder pol\u00edtico, defensor de derechos humanos y medio ambiente, territorio y justicia de Espinar. Un l\u00edder como Oscar, nunca muere, siempre estar\u00e1 en el coraz\u00f3n y memoria su pueblo.<\/p><\/div>\n<\/div><\/div><\/div>\n<\/div><\/div>\n\n\n\n<div class=\"wp-block-stackable-feature-grid alignwide stk-block-feature-grid stk-block-columns stk-block stk-fc036f3 is-style-default\" data-block-id=\"fc036f3\"><div class=\"stk-row stk-inner-blocks has-text-align-center stk-block-content stk-content-align stk-fc036f3-column alignwide\">\n<div class=\"wp-block-stackable-column stk-block-column stk-column stk-block stk-9cf7177\" data-v=\"4\" data-block-id=\"9cf7177\"><div class=\"stk-column-wrapper stk-block-column__content stk-container stk-9cf7177-container stk-hover-parent\"><div class=\"stk-block-content stk-inner-blocks stk-9cf7177-inner-blocks\">\n<figure class=\"wp-block-video\"><video height=\"1080\" style=\"aspect-ratio: 1920 \/ 1080;\" width=\"1920\" controls src=\"https:\/\/derechosinfronteras.pe\/wp-content\/uploads\/2025\/10\/AVMAE-RESUMEN-FULL-HD-1.mp4\"><\/video><\/figure>\n\n\n\n<div class=\"wp-block-stackable-heading stk-block-heading stk-block-heading--v2 stk-block stk-30337fa\" id=\"conozca-un-poco-mas-sobre-el-monitoreo-ambiental-comuitario-en-la-cuenca-del-rio-canipia-en-espinar-cusco\" data-block-id=\"30337fa\"><h3 class=\"stk-block-heading__text\">Conozca un poco m\u00e1s sobre el monitoreo ambiental comuitario en la cuenca del rio ca\u00f1ip\u00eda en Espinar &#8211; Cusco<\/h3><\/div>\n\n\n\n<div class=\"wp-block-stackable-text stk-block-text stk-block stk-f56c7ba\" data-block-id=\"f56c7ba\"><p class=\"stk-block-text__text\">La Asociaci\u00f3n de Vigilantes y Monitores Ambientales de Espinar \u2013 <a href=\"https:\/\/www.facebook.com\/avmaeCusco\" data-type=\"post\" data-id=\"3729\" target=\"_blank\" rel=\"noopener\">AVMAE<\/a>, impulsa el monitoreo y la vigilancia comunitaria de la calidad del agua en las cuencas de Espinar, Cusco, con el objetivo de preservar el medio ambiente ante los efectos de la miner\u00eda. A partir de los monitoreos comunitarios, la comunidad se involucra activamente en el monitoreo del r\u00edo Ca\u00f1ip\u00eda, afectada por la actividad minera, contribuyendo al cuidado y restauraci\u00f3n de su vital importancia para la vida y el futuro de nuestra regi\u00f3n.<\/p><\/div>\n<\/div><\/div><\/div>\n<\/div><\/div>\n\n\n\n<div class=\"wp-block-stackable-feature-grid alignwide stk-block-feature-grid stk-block-columns stk-block stk-f83e484 is-style-default\" data-block-id=\"f83e484\"><style>.stk-f83e484 {margin-bottom:0px !important;}<\/style><div class=\"stk-row stk-inner-blocks has-text-align-center stk-block-content stk-content-align stk-f83e484-column alignwide\">\n<div class=\"wp-block-stackable-column stk-block-column stk-column stk-block stk-4326168\" data-v=\"4\" data-block-id=\"4326168\"><div class=\"stk-column-wrapper stk-block-column__content stk-container stk-4326168-container stk-hover-parent\"><div class=\"stk-block-content stk-inner-blocks stk-4326168-inner-blocks\">\n<figure class=\"wp-block-video\"><video height=\"1080\" style=\"aspect-ratio: 1920 \/ 1080;\" width=\"1920\" controls src=\"https:\/\/derechosinfronteras.pe\/wp-content\/uploads\/2025\/10\/video-1-ALTERNATIVAS-4.mp4\"><\/video><\/figure>\n\n\n\n<div class=\"wp-block-stackable-heading stk-block-heading stk-block-heading--v2 stk-block stk-4368fec\" id=\"conoce-nuestra-primera-experiencia-en-\ud835\udc00-\ud835\udc25-\ud835\udc2d-\ud835\udc1e-\ud835\udc2b-\ud835\udc27-\ud835\udc1a-\ud835\udc2d-\ud835\udc22-\ud835\udc2f-\ud835\udc1a-\ud835\udc2c-\ud835\udc1d-\ud835\udc1e-\ud835\udc2f-\ud835\udc22-\ud835\udc1d-\ud835\udc1a-\ud835\udc1d-\ud835\udc1e-\ud835\udc2c-\ud835\udc1d-\ud835\udc1e-\ud835\udc25-\ud835\udc1a-\ud835\udc2c-\ud835\udc29-\ud835\udc25-\ud835\udc1a-\ud835\udc27-\ud835\udc2d-\ud835\udc1a-\ud835\udc2c-\ud835\udc26-\ud835\udc1e-\ud835\udc1d-\ud835\udc22-\ud835\udc1c-\ud835\udc22-\ud835\udc27-\ud835\udc1a-\ud835\udc25-\ud835\udc1e-\ud835\udc2c-\ud835\udc1e-\ud835\udc27-e-\ud835\udc2c-\ud835\udc29-\ud835\udc22-\ud835\udc27-\ud835\udc1a-\ud835\udc2b\" data-block-id=\"4368fec\"><h3 class=\"stk-block-heading__text\">Conoce nuestra primera experiencia en \ud835\udc00\ud835\udc25\ud835\udc2d\ud835\udc1e\ud835\udc2b\ud835\udc27\ud835\udc1a\ud835\udc2d\ud835\udc22\ud835\udc2f\ud835\udc1a\ud835\udc2c \ud835\udc1d\ud835\udc1e \ud835\udc2f\ud835\udc22\ud835\udc1d\ud835\udc1a \ud835\udc1d\ud835\udc1e\ud835\udc2c\ud835\udc1d\ud835\udc1e \ud835\udc25\ud835\udc1a\ud835\udc2c \ud835\udc29\ud835\udc25\ud835\udc1a\ud835\udc27\ud835\udc2d\ud835\udc1a\ud835\udc2c \ud835\udc26\ud835\udc1e\ud835\udc1d\ud835\udc22\ud835\udc1c\ud835\udc22\ud835\udc27\ud835\udc1a\ud835\udc25\ud835\udc1e\ud835\udc2c \ud835\udc1e\ud835\udc27 E\ud835\udc2c\ud835\udc29\ud835\udc22\ud835\udc27\ud835\udc1a\ud835\udc2b.<\/h3><\/div>\n\n\n\n<div class=\"wp-block-stackable-text stk-block-text stk-block stk-8cefe44\" data-block-id=\"8cefe44\"><p class=\"stk-block-text__text\">A m\u00e1s de 4000 metros de altitud, en la provincia de Espinar, las comunidades campesinas fortalecen la recuperaci\u00f3n de la medicina que nace de las plantas andinas, construyendo alternativas sostenibles con sus propias manos, fortaleciendo su econom\u00eda, su salud y su identidad cultural, con la construcci\u00f3n de fitotoldos, espacios protegidos que permiten cultivar plantas medicinales, adaptados a las condiciones del clima de las provincias altas.<\/p><\/div>\n<\/div><\/div><\/div>\n\n\n\n<div class=\"wp-block-stackable-column stk-block-column stk-column stk-block stk-96d8469\" data-v=\"4\" data-block-id=\"96d8469\"><div class=\"stk-column-wrapper stk-block-column__content stk-container stk-96d8469-container stk-hover-parent\"><div class=\"stk-block-content stk-inner-blocks stk-96d8469-inner-blocks\">\n<figure class=\"wp-block-video\"><video height=\"1080\" style=\"aspect-ratio: 1920 \/ 1080;\" width=\"1920\" controls src=\"https:\/\/derechosinfronteras.pe\/wp-content\/uploads\/2025\/10\/video-2-ALTERNATIVAS.mp4\"><\/video><\/figure>\n\n\n\n<div class=\"wp-block-stackable-heading stk-block-heading stk-block-heading--v2 stk-block stk-997d64c\" id=\"conoce-nuestra-segunda-experiencia-en-\ud835\udc00-\ud835\udc25-\ud835\udc2d-\ud835\udc1e-\ud835\udc2b-\ud835\udc27-\ud835\udc1a-\ud835\udc2d-\ud835\udc22-\ud835\udc2f-\ud835\udc1a-\ud835\udc2c-\ud835\udc1d-\ud835\udc1e-\ud835\udc2f-\ud835\udc22-\ud835\udc1d-\ud835\udc1a-\ud835\udc1d-\ud835\udc1e-\ud835\udc2c-\ud835\udc1d-\ud835\udc1e-\ud835\udc25-\ud835\udc1a-\ud835\udc2c-\ud835\udc29-\ud835\udc25-\ud835\udc1a-\ud835\udc27-\ud835\udc2d-\ud835\udc1a-\ud835\udc2c-\ud835\udc26-\ud835\udc1e-\ud835\udc1d-\ud835\udc22-\ud835\udc1c-\ud835\udc22-\ud835\udc27-\ud835\udc1a-\ud835\udc25-\ud835\udc1e-\ud835\udc2c-\ud835\udc1e-\ud835\udc27-e-\ud835\udc2c-\ud835\udc29-\ud835\udc22-\ud835\udc27-\ud835\udc1a-\ud835\udc2b\" data-block-id=\"997d64c\"><h3 class=\"stk-block-heading__text\">Conoce nuestra segunda experiencia en \ud835\udc00\ud835\udc25\ud835\udc2d\ud835\udc1e\ud835\udc2b\ud835\udc27\ud835\udc1a\ud835\udc2d\ud835\udc22\ud835\udc2f\ud835\udc1a\ud835\udc2c \ud835\udc1d\ud835\udc1e \ud835\udc2f\ud835\udc22\ud835\udc1d\ud835\udc1a \ud835\udc1d\ud835\udc1e\ud835\udc2c\ud835\udc1d\ud835\udc1e \ud835\udc25\ud835\udc1a\ud835\udc2c \ud835\udc29\ud835\udc25\ud835\udc1a\ud835\udc27\ud835\udc2d\ud835\udc1a\ud835\udc2c \ud835\udc26\ud835\udc1e\ud835\udc1d\ud835\udc22\ud835\udc1c\ud835\udc22\ud835\udc27\ud835\udc1a\ud835\udc25\ud835\udc1e\ud835\udc2c \ud835\udc1e\ud835\udc27 E\ud835\udc2c\ud835\udc29\ud835\udc22\ud835\udc27\ud835\udc1a\ud835\udc2b.<\/h3><\/div>\n\n\n\n<div class=\"wp-block-stackable-text stk-block-text stk-block stk-88ec8bd\" data-block-id=\"88ec8bd\"><p class=\"stk-block-text__text\"><font dir=\"auto\" style=\"vertical-align: inherit;\"><font dir=\"auto\" style=\"vertical-align: inherit;\">Con estos invernaderos, las familias pueden proteger las plantas sensibles al fr\u00edo extremo y fomentar su crecimiento. Este es un trabajo que se realiza con paciencia y dedicaci\u00f3n, sembrando vida para el futuro.<\/font><\/font><\/p><\/div>\n<\/div><\/div><\/div>\n<\/div><\/div>\n\n\n\n<div class=\"wp-block-stackable-feature-grid alignwide stk-block-feature-grid stk-block-columns stk-block stk-51177e7 is-style-default\" data-block-id=\"51177e7\"><div class=\"stk-row stk-inner-blocks has-text-align-center stk-block-content stk-content-align stk-51177e7-column alignwide\">\n<div class=\"wp-block-stackable-column stk-block-column stk-column stk-block stk-1379696\" data-v=\"4\" data-block-id=\"1379696\"><div class=\"stk-column-wrapper stk-block-column__content stk-container stk-1379696-container stk-hover-parent\"><div class=\"stk-block-content stk-inner-blocks stk-1379696-inner-blocks\">\n<figure class=\"wp-block-video\"><video height=\"1080\" style=\"aspect-ratio: 1920 \/ 1080;\" width=\"1920\" controls src=\"https:\/\/derechosinfronteras.pe\/wp-content\/uploads\/2025\/10\/CIRCULOS-DE-SANACION-cusco.mp4\"><\/video><\/figure>\n\n\n\n<div class=\"wp-block-stackable-heading stk-block-heading stk-block-heading--v2 stk-block stk-13760b9\" id=\"\ud835\udc02-\ud835\udc28-\ud835\udc26-\ud835\udc29-\ud835\udc1a-\ud835\udc2b-\ud835\udc2d-\ud835\udc22-\ud835\udc26-\ud835\udc28-\ud835\udc2c-\ud835\udc2e-\ud835\udc27-\ud835\udc1a-\ud835\udc1d-\ud835\udc1e-\ud835\udc27-\ud835\udc2e-\ud835\udc1e-\ud835\udc2c-\ud835\udc2d-\ud835\udc2b-\ud835\udc1a-s-\ud835\udc1e-\ud835\udc31-\ud835\udc29-\ud835\udc1e-\ud835\udc2b-\ud835\udc22-\ud835\udc1e-\ud835\udc27-\ud835\udc1c-\ud835\udc22-\ud835\udc1a-s-\ud835\udc1d-\ud835\udc1e-\ud835\udc1c-\ud835\udc22-\ud835\udc2b-\ud835\udc1c-\ud835\udc2e-\ud835\udc25-\ud835\udc28-\ud835\udc1d-\ud835\udc1e-\ud835\udc2c-\ud835\udc1a-\ud835\udc27-\ud835\udc1a-\ud835\udc1c-\ud835\udc22-\ud835\udc28-\ud835\udc27\" data-block-id=\"13760b9\"><h3 class=\"stk-block-heading__text\">\ud835\udc02\ud835\udc28\ud835\udc26\ud835\udc29\ud835\udc1a\ud835\udc2b\ud835\udc2d\ud835\udc22\ud835\udc26\ud835\udc28\ud835\udc2c \ud835\udc2e\ud835\udc27\ud835\udc1a \ud835\udc1d\ud835\udc1e \ud835\udc27\ud835\udc2e\ud835\udc1e\ud835\udc2c\ud835\udc2d\ud835\udc2b\ud835\udc1as \ud835\udc1e\ud835\udc31\ud835\udc29\ud835\udc1e\ud835\udc2b\ud835\udc22\ud835\udc1e\ud835\udc27\ud835\udc1c\ud835\udc22\ud835\udc1as \ud835\udc1d\ud835\udc1e \ud835\udc1c\ud835\udc22\u0301\ud835\udc2b\ud835\udc1c\ud835\udc2e\ud835\udc25\ud835\udc28 \ud835\udc1d\ud835\udc1e \ud835\udc2c\ud835\udc1a\ud835\udc27\ud835\udc1a\ud835\udc1c\ud835\udc22\ud835\udc28\u0301\ud835\udc27.<\/h3><\/div>\n\n\n\n<div class=\"wp-block-stackable-text stk-block-text stk-block stk-871e227\" data-block-id=\"871e227\"><p class=\"stk-block-text__text\">Un espacio donde mujeres del sur andino compartieron experiencias y saberes ancestrales sobre las hierbas curativas y sus propiedades para sanar el cuerpo y el esp\u00edritu, un momento de encuentro, contenci\u00f3n y aprendizaje colectivo, donde cada palabra y cada planta nos recordaron que sanar tambi\u00e9n es cuidarnos entre todas.<\/p><\/div>\n<\/div><\/div><\/div>\n<\/div><\/div>","protected":false},"excerpt":{"rendered":"<p>Documental K\u00b4ana Warmi \u00abNo dejes nunca de latir\u00bb Mujeres que han sostenido a sus comunidades resistiendo y alzando la voz frente a un sistema que las vulnera en contextos exactivos de Espinar. Documental a un lider defensor de derechos humanos Homenaje a un l\u00edder pol\u00edtico, defensor de derechos humanos y medio ambiente, territorio y justicia [&hellip;]<\/p>\n","protected":false},"author":1,"featured_media":0,"parent":0,"menu_order":0,"comment_status":"closed","ping_status":"closed","template":"","meta":{"_monsterinsights_skip_tracking":false,"_monsterinsights_sitenote_active":false,"_monsterinsights_sitenote_note":"","_monsterinsights_sitenote_category":0,"footnotes":""},"class_list":["post-8643","page","type-page","status-publish","hentry"],"blocksy_meta":[],"jetpack_sharing_enabled":true,"jetpack_likes_enabled":true,"_links":{"self":[{"href":"https:\/\/derechosinfronteras.pe\/ingles\/wp-json\/wp\/v2\/pages\/8643","targetHints":{"allow":["GET"]}}],"collection":[{"href":"https:\/\/derechosinfronteras.pe\/ingles\/wp-json\/wp\/v2\/pages"}],"about":[{"href":"https:\/\/derechosinfronteras.pe\/ingles\/wp-json\/wp\/v2\/types\/page"}],"author":[{"embeddable":true,"href":"https:\/\/derechosinfronteras.pe\/ingles\/wp-json\/wp\/v2\/users\/1"}],"replies":[{"embeddable":true,"href":"https:\/\/derechosinfronteras.pe\/ingles\/wp-json\/wp\/v2\/comments?post=8643"}],"version-history":[{"count":29,"href":"https:\/\/derechosinfronteras.pe\/ingles\/wp-json\/wp\/v2\/pages\/8643\/revisions"}],"predecessor-version":[{"id":9123,"href":"https:\/\/derechosinfronteras.pe\/ingles\/wp-json\/wp\/v2\/pages\/8643\/revisions\/9123"}],"wp:attachment":[{"href":"https:\/\/derechosinfronteras.pe\/ingles\/wp-json\/wp\/v2\/media?parent=8643"}],"curies":[{"name":"wp","href":"https:\/\/api.w.org\/{rel}","templated":true}]}}