{"id":9314,"date":"2026-04-14T09:27:34","date_gmt":"2026-04-14T14:27:34","guid":{"rendered":"https:\/\/derechosinfronteras.pe\/?page_id=9314"},"modified":"2026-04-14T10:57:33","modified_gmt":"2026-04-14T15:57:33","slug":"nosotros-2","status":"publish","type":"page","link":"https:\/\/derechosinfronteras.pe\/ingles\/nosotros-2\/","title":{"rendered":"Nosotros"},"content":{"rendered":"<div class=\"wp-block-stackable-card stk-block-card stk-block stk-2661268 stk-block-background is-style-default-2\" data-v=\"2\" data-block-id=\"2661268\"><style>.stk-2661268 {border-top-left-radius:0px !important;border-top-right-radius:0px !important;border-bottom-right-radius:0px !important;border-bottom-left-radius:0px !important;overflow:hidden !important;}.stk-2661268 .stk-block-card__image{height:455px !important;}.stk-2661268 .stk-block-card__image img{transform:scale(1) !important;object-position:48% 100% !important;}<\/style><div class=\"stk--no-padding stk-container stk-2661268-container stk-hover-parent\"><figure class=\"stk-block-card__image stk-img-wrapper stk-image--shape-stretch\"><img fetchpriority=\"high\" decoding=\"async\" class=\"stk-img wp-image-9264\" src=\"https:\/\/derechosinfronteras.pe\/wp-content\/uploads\/2026\/04\/FOTO-DE-PORTADA-1.jpg\" width=\"1000\" height=\"453\" srcset=\"https:\/\/derechosinfronteras.pe\/wp-content\/uploads\/2026\/04\/FOTO-DE-PORTADA-1.jpg 1000w, https:\/\/derechosinfronteras.pe\/wp-content\/uploads\/2026\/04\/FOTO-DE-PORTADA-1-300x136.jpg 300w, https:\/\/derechosinfronteras.pe\/wp-content\/uploads\/2026\/04\/FOTO-DE-PORTADA-1-768x348.jpg 768w\" sizes=\"(max-width: 1000px) 100vw, 1000px\" \/><\/figure><div class=\"stk-container-padding stk-block-card__content\"><div class=\"stk-block-content stk-inner-blocks has-text-align-left stk-2661268-inner-blocks\">\n<div class=\"wp-block-stackable-heading stk-block-heading stk-block-heading--v2 stk-block stk-fe43415\" id=\"strong-span-style-color-0693-e-3-class-stk-highlight-quienes-somos-span-strong\" data-block-id=\"fe43415\"><h1 class=\"stk-block-heading__text\"><strong><span style=\"color: #0693e3;\" class=\"stk-highlight\">\u00bfQui\u00e9nes somos?<\/span><\/strong><\/h1><\/div>\n\n\n\n<div class=\"wp-block-stackable-text stk-block-text stk-block stk-5754e9c\" data-block-id=\"5754e9c\"><p class=\"stk-block-text__text\">Somos una organizaci\u00f3n de defensoras y defensores de derechos humanos que, inspirados en la Teolog\u00eda de la Liberaci\u00f3n, promovemos y defendemos el derecho a la vida, la libertad de expresi\u00f3n, el medio ambiente y la diversidad cultural.<\/p><\/div>\n<\/div><\/div><\/div><\/div>\n\n\n\n<div class=\"wp-block-media-text has-media-on-the-right is-stacked-on-mobile is-vertically-aligned-center is-image-fill-element has-border-color has-palette-color-5-border-color has-small-font-size\" style=\"border-width:5px;grid-template-columns:auto 57%\"><div class=\"wp-block-media-text__content\">\n<p><\/p>\n\n\n\n<div class=\"wp-block-stackable-heading stk-block-heading stk-block-heading--v2 stk-block stk-44cdde8\" id=\"strong-span-style-color-0693-e-3-class-stk-highlight-nuestra-historia-span-strong\" data-block-id=\"44cdde8\"><h1 class=\"stk-block-heading__text has-text-align-center\"><strong><span style=\"color: #0693e3;\" class=\"stk-highlight\">Nuestra historia<\/span><\/strong><\/h1><\/div>\n\n\n\n<div class=\"wp-block-stackable-timeline stk-block-timeline stk-block-timeline--left stk-block stk-07ce33b\" data-block-id=\"07ce33b\"><style>.stk-07ce33b , .stk-07ce33b ~ .stk-block-timeline{--line-accent-bg-location:100% !important;}.stk-07ce33b {--gap:29px !important;--line-accent-bg-color:#ff6900 !important;}@media screen and (max-width:689px){.stk-07ce33b .stk-inner-blocks:after{top:16px !important;}}<\/style><div class=\"stk-row stk-inner-blocks stk-block-content stk-content-align stk-07ce33b-column\"><div class=\"stk-block-timeline__date\"><strong><span style=\"color: #000000;\" class=\"stk-highlight\">Nace Derechos Humanos Sin Fronteras en Cusco<\/span><\/strong>.<\/div><div class=\"stk-block-timeline__middle\"><\/div><div class=\"stk-block-timeline__content\">\n<div class=\"wp-block-stackable-column stk-block-column stk-column stk-block stk-fc7bafc\" data-v=\"4\" data-block-id=\"fc7bafc\"><style>.stk-fc7bafc-container{margin-top:0px !important;margin-right:0px !important;margin-bottom:0px !important;margin-left:0px !important;}<\/style><div class=\"stk-column-wrapper stk-block-column__content stk-container stk-fc7bafc-container stk--no-background stk--no-padding\"><div class=\"stk-block-content stk-inner-blocks stk-fc7bafc-inner-blocks\">\n<div class=\"wp-block-stackable-text stk-block-text stk-block stk-9bb5111\" data-block-id=\"9bb5111\"><style>.stk-9bb5111 {position:relative !important;opacity:1 !important;}<\/style><p class=\"stk-block-text__text has-text-align-center\"><strong><span style=\"color: #0693e3;\" class=\"stk-highlight\">12 de abril de 2012<\/span><\/strong><\/p><\/div>\n<\/div><\/div><\/div>\n<\/div><\/div><\/div>\n\n\n\n<div class=\"wp-block-stackable-timeline stk-block-timeline stk-block-timeline--left stk-block stk-1198b6c\" data-block-id=\"1198b6c\"><style>.stk-1198b6c , .stk-1198b6c ~ .stk-block-timeline{--line-accent-bg-location:100% !important;}.stk-1198b6c {--gap:29px !important;--line-accent-bg-color:#00d084 !important;}@media screen and (max-width:689px){.stk-1198b6c .stk-inner-blocks:after{top:16px !important;}}<\/style><div class=\"stk-row stk-inner-blocks stk-block-content stk-content-align stk-1198b6c-column\"><div class=\"stk-block-timeline__date\"><strong><span style=\"color: #000000;\" class=\"stk-highlight\">Nace Derechos Humanos Sin Fronteras en Cusco<\/span><\/strong><\/div><div class=\"stk-block-timeline__middle\"><\/div><div class=\"stk-block-timeline__content\">\n<div class=\"wp-block-stackable-column stk-block-column stk-column stk-block stk-6f2e504\" data-v=\"4\" data-block-id=\"6f2e504\"><style>.stk-6f2e504-container{margin-top:0px !important;margin-right:0px !important;margin-bottom:0px !important;margin-left:0px !important;}<\/style><div class=\"stk-column-wrapper stk-block-column__content stk-container stk-6f2e504-container stk--no-background stk--no-padding\"><div class=\"stk-block-content stk-inner-blocks stk-6f2e504-inner-blocks\">\n<div class=\"wp-block-stackable-text stk-block-text stk-block stk-0f2ee84\" data-block-id=\"0f2ee84\"><p class=\"stk-block-text__text has-text-align-center\"><strong><span style=\"color: #0693e3;\" class=\"stk-highlight\"><strong><span style=\"color: #0693e3;\" class=\"stk-highlight\">12 de abril de 2012<\/span><\/strong><\/span><\/strong><\/p><\/div>\n<\/div><\/div><\/div>\n<\/div><\/div><\/div>\n\n\n\n<div class=\"wp-block-stackable-timeline stk-block-timeline stk-block-timeline--left stk-block stk-bee7319\" data-block-id=\"bee7319\"><style>.stk-bee7319 , .stk-bee7319 ~ .stk-block-timeline{--line-accent-bg-location:100% !important;}.stk-bee7319 {--gap:29px !important;--line-accent-bg-color:#9b51e0 !important;}@media screen and (max-width:689px){.stk-bee7319 .stk-inner-blocks:after{top:16px !important;}}<\/style><div class=\"stk-row stk-inner-blocks stk-block-content stk-content-align stk-bee7319-column\"><div class=\"stk-block-timeline__date\"><strong><span style=\"color: #000000;\" class=\"stk-highlight\">Nace Derechos Humanos Sin Fronteras en Cusco<\/span><\/strong><\/div><div class=\"stk-block-timeline__middle\"><\/div><div class=\"stk-block-timeline__content\">\n<div class=\"wp-block-stackable-column stk-block-column stk-column stk-block stk-bac4a24\" data-v=\"4\" data-block-id=\"bac4a24\"><style>.stk-bac4a24-container{margin-top:0px !important;margin-right:0px !important;margin-bottom:0px !important;margin-left:0px !important;}<\/style><div class=\"stk-column-wrapper stk-block-column__content stk-container stk-bac4a24-container stk--no-background stk--no-padding\"><div class=\"stk-block-content stk-inner-blocks stk-bac4a24-inner-blocks\">\n<div class=\"wp-block-stackable-text stk-block-text stk-block stk-8a0d898\" data-block-id=\"8a0d898\"><p class=\"stk-block-text__text has-text-align-center\"><strong><span style=\"color: #0693e3;\" class=\"stk-highlight\"><strong><span style=\"color: #0693e3;\" class=\"stk-highlight\">12 de abril de 2012<\/span><\/strong><\/span><\/strong><\/p><\/div>\n<\/div><\/div><\/div>\n<\/div><\/div><\/div>\n\n\n\n<div class=\"wp-block-stackable-timeline stk-block-timeline stk-block-timeline--left stk-block stk-55d2cfd\" data-block-id=\"55d2cfd\"><style>.stk-55d2cfd , .stk-55d2cfd ~ .stk-block-timeline{--line-accent-bg-location:100% !important;}.stk-55d2cfd {--gap:29px !important;--line-accent-bg-color:#0fa4af !important;}@media screen and (max-width:689px){.stk-55d2cfd .stk-inner-blocks:after{top:16px !important;}}<\/style><div class=\"stk-row stk-inner-blocks stk-block-content stk-content-align stk-55d2cfd-column\"><div class=\"stk-block-timeline__date\"><strong><span style=\"color: #000000;\" class=\"stk-highlight\">Nace Derechos Humanos Sin Fronteras en Cusco<\/span><\/strong><\/div><div class=\"stk-block-timeline__middle\"><\/div><div class=\"stk-block-timeline__content\">\n<div class=\"wp-block-stackable-column stk-block-column stk-column stk-block stk-92bb991\" data-v=\"4\" data-block-id=\"92bb991\"><style>.stk-92bb991-container{margin-top:0px !important;margin-right:0px !important;margin-bottom:0px !important;margin-left:0px !important;}<\/style><div class=\"stk-column-wrapper stk-block-column__content stk-container stk-92bb991-container stk--no-background stk--no-padding\"><div class=\"stk-block-content stk-inner-blocks stk-92bb991-inner-blocks\">\n<div class=\"wp-block-stackable-text stk-block-text stk-block stk-dcd666d\" data-block-id=\"dcd666d\"><p class=\"stk-block-text__text has-text-align-center\"><strong><span style=\"color: #0693e3;\" class=\"stk-highlight\"><strong><span style=\"color: #0693e3;\" class=\"stk-highlight\">12 de abril de 2012<\/span><\/strong><\/span><\/strong><\/p><\/div>\n<\/div><\/div><\/div>\n<\/div><\/div><\/div>\n\n\n\n<div class=\"wp-block-stackable-timeline stk-block-timeline stk-block-timeline--left stk-block stk-388e0ff\" data-block-id=\"388e0ff\"><style>.stk-388e0ff , .stk-388e0ff ~ .stk-block-timeline{--line-accent-bg-location:100% !important;}.stk-388e0ff {--gap:29px !important;--line-accent-bg-color:var(--theme-palette-color-3, #687279) !important;}@media screen and (max-width:689px){.stk-388e0ff .stk-inner-blocks:after{top:16px !important;}}<\/style><div class=\"stk-row stk-inner-blocks stk-block-content stk-content-align stk-388e0ff-column\"><div class=\"stk-block-timeline__date\"><strong><span style=\"color: #000000;\" class=\"stk-highlight\">Nace Derechos Humanos Sin Fronteras en Cusco<\/span><\/strong><\/div><div class=\"stk-block-timeline__middle\"><\/div><div class=\"stk-block-timeline__content\">\n<div class=\"wp-block-stackable-column stk-block-column stk-column stk-block stk-ed164a6\" data-v=\"4\" data-block-id=\"ed164a6\"><style>.stk-ed164a6-container{margin-top:0px !important;margin-right:0px !important;margin-bottom:0px !important;margin-left:0px !important;}<\/style><div class=\"stk-column-wrapper stk-block-column__content stk-container stk-ed164a6-container stk--no-background stk--no-padding\"><div class=\"stk-block-content stk-inner-blocks stk-ed164a6-inner-blocks\">\n<div class=\"wp-block-stackable-text stk-block-text stk-block stk-f7b85d0\" data-block-id=\"f7b85d0\"><p class=\"stk-block-text__text has-text-align-center\"><strong><span style=\"color: #0693e3;\" class=\"stk-highlight\"><strong><span style=\"color: #0693e3;\" class=\"stk-highlight\">12 de abril de 2012<\/span><\/strong><\/span><\/strong><\/p><\/div>\n<\/div><\/div><\/div>\n<\/div><\/div><\/div>\n\n\n\n<div class=\"wp-block-stackable-timeline stk-block-timeline stk-block-timeline--left stk-block stk-b3af4b4\" data-block-id=\"b3af4b4\"><style>.stk-b3af4b4 , .stk-b3af4b4 ~ .stk-block-timeline{--line-accent-bg-location:100% !important;}.stk-b3af4b4 {--gap:29px !important;--line-accent-bg-color:#f78da7 !important;}@media screen and (max-width:689px){.stk-b3af4b4 .stk-inner-blocks:after{top:16px !important;}}<\/style><div class=\"stk-row stk-inner-blocks stk-block-content stk-content-align stk-b3af4b4-column\"><div class=\"stk-block-timeline__date\"><strong><span style=\"color: #000000;\" class=\"stk-highlight\">Nace Derechos Humanos Sin Fronteras en Cusco<\/span><\/strong><\/div><div class=\"stk-block-timeline__middle\"><\/div><div class=\"stk-block-timeline__content\">\n<div class=\"wp-block-stackable-column stk-block-column stk-column stk-block stk-429ee5b\" data-v=\"4\" data-block-id=\"429ee5b\"><style>.stk-429ee5b-container{margin-top:0px !important;margin-right:0px !important;margin-bottom:0px !important;margin-left:0px !important;}<\/style><div class=\"stk-column-wrapper stk-block-column__content stk-container stk-429ee5b-container stk--no-background stk--no-padding\"><div class=\"stk-block-content stk-inner-blocks stk-429ee5b-inner-blocks\">\n<div class=\"wp-block-stackable-text stk-block-text stk-block stk-9e44dcf\" data-block-id=\"9e44dcf\"><p class=\"stk-block-text__text has-text-align-center\"><strong><span style=\"color: #0693e3;\" class=\"stk-highlight\"><strong><span style=\"color: #0693e3;\" class=\"stk-highlight\">12 de abril de 2012<\/span><\/strong><\/span><\/strong><\/p><\/div>\n<\/div><\/div><\/div>\n<\/div><\/div><\/div>\n\n\n\n<div class=\"wp-block-stackable-timeline stk-block-timeline stk-block-timeline--left stk-block stk-028487d\" data-block-id=\"028487d\"><style>.stk-028487d , .stk-028487d ~ .stk-block-timeline{--line-accent-bg-location:100% !important;}.stk-028487d {--gap:29px !important;--line-accent-bg-color:#cf2e2e !important;}@media screen and (max-width:689px){.stk-028487d .stk-inner-blocks:after{top:16px !important;}}<\/style><div class=\"stk-row stk-inner-blocks stk-block-content stk-content-align stk-028487d-column\"><div class=\"stk-block-timeline__date\"><strong><span style=\"color: #000000;\" class=\"stk-highlight\">Nace Derechos Humanos Sin Fronteras en Cusco<\/span><\/strong><\/div><div class=\"stk-block-timeline__middle\"><\/div><div class=\"stk-block-timeline__content\">\n<div class=\"wp-block-stackable-column stk-block-column stk-column stk-block stk-470b9fa\" data-v=\"4\" data-block-id=\"470b9fa\"><style>.stk-470b9fa-container{margin-top:0px !important;margin-right:0px !important;margin-bottom:0px !important;margin-left:0px !important;}<\/style><div class=\"stk-column-wrapper stk-block-column__content stk-container stk-470b9fa-container stk--no-background stk--no-padding\"><div class=\"stk-block-content stk-inner-blocks stk-470b9fa-inner-blocks\">\n<div class=\"wp-block-stackable-text stk-block-text stk-block stk-b918f53\" data-block-id=\"b918f53\"><p class=\"stk-block-text__text has-text-align-center\"><strong><span style=\"color: #0693e3;\" class=\"stk-highlight\"><strong><span style=\"color: #0693e3;\" class=\"stk-highlight\">2024<\/span><\/strong><\/span><\/strong><\/p><\/div>\n<\/div><\/div><\/div>\n<\/div><\/div><\/div>\n\n\n\n<div class=\"wp-block-stackable-timeline stk-block-timeline stk-block-timeline--left stk-is-last stk-block stk-adc136a\" data-block-id=\"adc136a\"><style>.stk-adc136a , .stk-adc136a ~ .stk-block-timeline{--line-accent-bg-location:100% !important;}.stk-adc136a {--gap:29px !important;--line-accent-bg-color:#fcb900 !important;}@media screen and (max-width:689px){.stk-adc136a .stk-inner-blocks:after{top:16px !important;bottom:calc(0px + (100% - 0px) - 16px) !important;}}<\/style><div class=\"stk-row stk-inner-blocks stk-block-content stk-content-align stk-adc136a-column\"><div class=\"stk-block-timeline__date\"><strong><span style=\"color: #000000;\" class=\"stk-highlight\">Nace Derechos Humanos Sin Fronteras en Cusco<\/span><\/strong><\/div><div class=\"stk-block-timeline__middle\"><\/div><div class=\"stk-block-timeline__content\">\n<div class=\"wp-block-stackable-column stk-block-column stk-column stk-block stk-8369bd2\" data-v=\"4\" data-block-id=\"8369bd2\"><style>.stk-8369bd2-container{margin-top:0px !important;margin-right:0px !important;margin-bottom:0px !important;margin-left:0px !important;}<\/style><div class=\"stk-column-wrapper stk-block-column__content stk-container stk-8369bd2-container stk--no-background stk--no-padding\"><div class=\"stk-block-content stk-inner-blocks stk-8369bd2-inner-blocks\">\n<div class=\"wp-block-stackable-text stk-block-text stk-block stk-ae24893\" data-block-id=\"ae24893\"><p class=\"stk-block-text__text has-text-align-center\"><strong><span style=\"color: #0693e3;\" class=\"stk-highlight\"><strong><span style=\"color: #0693e3;\" class=\"stk-highlight\">2026<\/span><\/strong><\/span><\/strong><\/p><\/div>\n<\/div><\/div><\/div>\n<\/div><\/div><\/div>\n<\/div><figure class=\"wp-block-media-text__media\"><img decoding=\"async\" width=\"1000\" height=\"667\" src=\"https:\/\/derechosinfronteras.pe\/wp-content\/uploads\/2026\/04\/1.1-1.jpg\" alt=\"\" class=\"wp-image-9327 size-full\" style=\"object-position:89% 72%\" srcset=\"https:\/\/derechosinfronteras.pe\/wp-content\/uploads\/2026\/04\/1.1-1.jpg 1000w, https:\/\/derechosinfronteras.pe\/wp-content\/uploads\/2026\/04\/1.1-1-300x200.jpg 300w, https:\/\/derechosinfronteras.pe\/wp-content\/uploads\/2026\/04\/1.1-1-768x512.jpg 768w\" sizes=\"(max-width: 1000px) 100vw, 1000px\" \/><\/figure><\/div>\n\n\n\n<div class=\"wp-block-stackable-feature alignfull stk-block-feature stk-block stk-8694a86 is-style-horizontal\" data-v=\"2\" data-block-id=\"8694a86\"><style>.stk-8694a86 {--stk-feature-flex-wrap:nowrap !important;}<\/style><div class=\"stk-content-align stk-8694a86-column alignwide stk-container stk-8694a86-container stk--no-background stk--no-padding\"><div class=\"stk-inner-blocks stk-block-content stk-row\"><\/div><\/div><\/div>\n\n\n\n<div class=\"wp-block-stackable-feature alignfull stk-block-feature stk-block stk-43d3554 is-style-horizontal\" data-v=\"2\" data-block-id=\"43d3554\"><style>.stk-43d3554 {--stk-feature-flex-wrap:nowrap !important;}<\/style><div class=\"stk-content-align stk-43d3554-column alignwide stk-container stk-43d3554-container stk--no-background stk--no-padding\"><div class=\"stk-inner-blocks stk-block-content stk-row\"><\/div><\/div><\/div>\n\n\n\n<p><\/p>","protected":false},"excerpt":{"rendered":"<p>\u00bfQui\u00e9nes somos? Somos una organizaci\u00f3n de defensoras y defensores de derechos humanos que, inspirados en la Teolog\u00eda de la Liberaci\u00f3n, promovemos y defendemos el derecho a la vida, la libertad de expresi\u00f3n, el medio ambiente y la diversidad cultural.<\/p>","protected":false},"author":1,"featured_media":0,"parent":0,"menu_order":0,"comment_status":"closed","ping_status":"closed","template":"","meta":{"_monsterinsights_skip_tracking":false,"_monsterinsights_sitenote_active":false,"_monsterinsights_sitenote_note":"","_monsterinsights_sitenote_category":0,"footnotes":""},"class_list":["post-9314","page","type-page","status-publish","hentry"],"blocksy_meta":[],"jetpack_sharing_enabled":true,"jetpack_likes_enabled":true,"_links":{"self":[{"href":"https:\/\/derechosinfronteras.pe\/ingles\/wp-json\/wp\/v2\/pages\/9314","targetHints":{"allow":["GET"]}}],"collection":[{"href":"https:\/\/derechosinfronteras.pe\/ingles\/wp-json\/wp\/v2\/pages"}],"about":[{"href":"https:\/\/derechosinfronteras.pe\/ingles\/wp-json\/wp\/v2\/types\/page"}],"author":[{"embeddable":true,"href":"https:\/\/derechosinfronteras.pe\/ingles\/wp-json\/wp\/v2\/users\/1"}],"replies":[{"embeddable":true,"href":"https:\/\/derechosinfronteras.pe\/ingles\/wp-json\/wp\/v2\/comments?post=9314"}],"version-history":[{"count":7,"href":"https:\/\/derechosinfronteras.pe\/ingles\/wp-json\/wp\/v2\/pages\/9314\/revisions"}],"predecessor-version":[{"id":9335,"href":"https:\/\/derechosinfronteras.pe\/ingles\/wp-json\/wp\/v2\/pages\/9314\/revisions\/9335"}],"wp:attachment":[{"href":"https:\/\/derechosinfronteras.pe\/ingles\/wp-json\/wp\/v2\/media?parent=9314"}],"curies":[{"name":"wp","href":"https:\/\/api.w.org\/{rel}","templated":true}]}}