{"id":9634,"date":"2026-04-17T09:58:46","date_gmt":"2026-04-17T14:58:46","guid":{"rendered":"https:\/\/derechosinfronteras.pe\/?page_id=9634"},"modified":"2026-04-17T10:21:06","modified_gmt":"2026-04-17T15:21:06","slug":"nuestro-enfoque","status":"publish","type":"page","link":"https:\/\/derechosinfronteras.pe\/ingles\/nuestro-enfoque\/","title":{"rendered":"NUESTROS ENFOQUES"},"content":{"rendered":"<div class=\"wp-block-cover alignfull has-small-font-size\" style=\"margin-top:0;padding-top:5vw;padding-right:5vw;padding-bottom:5vw;padding-left:5vw;min-height:452px;aspect-ratio:unset;\"><img fetchpriority=\"high\" decoding=\"async\" width=\"1000\" height=\"581\" class=\"wp-block-cover__image-background wp-image-9566 size-full\" alt=\"\" src=\"https:\/\/derechosinfronteras.pe\/wp-content\/uploads\/2026\/04\/portda1-3.jpg\" style=\"object-position:49% 84%\" data-object-fit=\"cover\" data-object-position=\"49% 84%\" srcset=\"https:\/\/derechosinfronteras.pe\/wp-content\/uploads\/2026\/04\/portda1-3.jpg 1000w, https:\/\/derechosinfronteras.pe\/wp-content\/uploads\/2026\/04\/portda1-3-300x174.jpg 300w, https:\/\/derechosinfronteras.pe\/wp-content\/uploads\/2026\/04\/portda1-3-768x446.jpg 768w\" sizes=\"(max-width: 1000px) 100vw, 1000px\" \/><span aria-hidden=\"true\" class=\"wp-block-cover__background has-black-background-color has-background-dim\"><\/span><div class=\"wp-block-cover__inner-container is-layout-flow wp-block-cover-is-layout-flow\">\n<div class=\"wp-block-group wp-container-content-9cfa9a5a is-vertical is-content-justification-center is-nowrap is-layout-flex wp-container-core-group-is-layout-b29eb492 wp-block-group-is-layout-flex\">\n<p class=\"has-text-align-right has-text-color has-source-serif-pro-font-family\" style=\"color:#d8a557;font-size:clamp(39.111px, 2.444rem + ((1vw - 3.2px) * 2.648), 73px);font-style:italic;font-weight:800;letter-spacing:0px;line-height:0.8;text-transform:none\"><span style=\"color: #ffffff;\" class=\"stk-highlight\">Nuestros enfoques institucionales<\/span><\/p>\n<\/div>\n<\/div><\/div>\n\n\n\n<div class=\"wp-block-stackable-feature stk-block-feature stk-block stk-af96ab3 is-style-default\" data-v=\"2\" data-block-id=\"af96ab3\"><style>.stk-af96ab3 {--stk-feature-flex-wrap:nowrap !important;}<\/style><div class=\"stk-content-align stk-af96ab3-column stk-container stk-af96ab3-container stk--no-background stk--no-padding\"><div class=\"stk-inner-blocks stk-block-content stk-row\">\n<div class=\"wp-block-stackable-column stk-block-column stk-column stk-block stk-d2150b0\" data-v=\"4\" data-block-id=\"d2150b0\"><style>.stk-d2150b0 {align-self:center !important;}<\/style><div class=\"stk-column-wrapper stk-block-column__content stk-container stk-d2150b0-container stk--no-background stk--no-padding\"><div class=\"stk-block-content stk-inner-blocks stk-d2150b0-inner-blocks\">\n<div class=\"wp-block-stackable-heading stk-block-heading stk-block-heading--v2 stk-block stk-e402c5d\" id=\"justicia-de-genero\" data-block-id=\"e402c5d\"><h2 class=\"stk-block-heading__text\">Justicia de g\u00e9nero<\/h2><\/div>\n\n\n\n<div class=\"wp-block-stackable-text stk-block-text stk-block stk-d9024b8\" data-block-id=\"d9024b8\"><p class=\"stk-block-text__text\">Reconocemos las desigualdades estructurales entre mujeres y varones, y promovemos relaciones basadas en la equidad, la autonom\u00eda y la participaci\u00f3n plena de las mujeres en sus organizaciones y comunidades.<\/p><\/div>\n<\/div><\/div><\/div>\n\n\n\n<div class=\"wp-block-stackable-column stk-block-column stk-column stk-block stk-f94dcf7\" data-v=\"4\" data-block-id=\"f94dcf7\"><style>.stk-f94dcf7 {align-self:center !important;}<\/style><div class=\"stk-column-wrapper stk-block-column__content stk-container stk-f94dcf7-container stk--no-background stk--no-padding\"><div class=\"stk-block-content stk-inner-blocks stk-f94dcf7-inner-blocks\">\n<div class=\"wp-block-stackable-image stk-block-image stk-block stk-92a7dfc\" data-block-id=\"92a7dfc\"><figure><span class=\"stk-img-wrapper stk-image--shape-stretch\"><img decoding=\"async\" class=\"stk-img wp-image-9602\" src=\"https:\/\/derechosinfronteras.pe\/wp-content\/uploads\/2026\/04\/18.jpg\" width=\"1000\" height=\"667\" srcset=\"https:\/\/derechosinfronteras.pe\/wp-content\/uploads\/2026\/04\/18.jpg 1000w, https:\/\/derechosinfronteras.pe\/wp-content\/uploads\/2026\/04\/18-300x200.jpg 300w, https:\/\/derechosinfronteras.pe\/wp-content\/uploads\/2026\/04\/18-768x512.jpg 768w\" sizes=\"(max-width: 1000px) 100vw, 1000px\" \/><\/span><\/figure><\/div>\n<\/div><\/div><\/div>\n<\/div><\/div><\/div>\n\n\n\n<div class=\"wp-block-stackable-feature stk-block-feature stk-block stk-0c583e1 is-style-default\" data-v=\"2\" data-block-id=\"0c583e1\"><style>.stk-0c583e1 {--stk-feature-flex-wrap:nowrap !important;}<\/style><div class=\"stk-content-align stk-0c583e1-column stk-container stk-0c583e1-container stk--no-background stk--no-padding\"><div class=\"stk-inner-blocks stk-block-content stk-row\">\n<div class=\"wp-block-stackable-column stk-block-column stk-column stk-block stk-f6c1db8\" data-v=\"4\" data-block-id=\"f6c1db8\"><style>.stk-f6c1db8 {align-self:center !important;}<\/style><div class=\"stk-column-wrapper stk-block-column__content stk-container stk-f6c1db8-container stk--no-background stk--no-padding\"><div class=\"stk-block-content stk-inner-blocks stk-f6c1db8-inner-blocks\">\n<div class=\"wp-block-stackable-image stk-block-image stk-block stk-e85ea8b\" data-block-id=\"e85ea8b\"><figure><span class=\"stk-img-wrapper stk-image--shape-stretch\"><img decoding=\"async\" class=\"stk-img wp-image-9373\" src=\"https:\/\/derechosinfronteras.pe\/wp-content\/uploads\/2026\/04\/1.12-1.jpg\" width=\"1000\" height=\"667\" srcset=\"https:\/\/derechosinfronteras.pe\/wp-content\/uploads\/2026\/04\/1.12-1.jpg 1000w, https:\/\/derechosinfronteras.pe\/wp-content\/uploads\/2026\/04\/1.12-1-300x200.jpg 300w, https:\/\/derechosinfronteras.pe\/wp-content\/uploads\/2026\/04\/1.12-1-768x512.jpg 768w\" sizes=\"(max-width: 1000px) 100vw, 1000px\" \/><\/span><\/figure><\/div>\n<\/div><\/div><\/div>\n\n\n\n<div class=\"wp-block-stackable-column stk-block-column stk-column stk-block stk-cc69a93\" data-v=\"4\" data-block-id=\"cc69a93\"><style>.stk-cc69a93 {align-self:center !important;}<\/style><div class=\"stk-column-wrapper stk-block-column__content stk-container stk-cc69a93-container stk--no-background stk--no-padding\"><div class=\"stk-block-content stk-inner-blocks stk-cc69a93-inner-blocks\">\n<div class=\"wp-block-stackable-heading stk-block-heading stk-block-heading--v2 stk-block stk-2923fab\" id=\"enfoque-de-derechos\" data-block-id=\"2923fab\"><h2 class=\"stk-block-heading__text\">Enfoque de derechos<\/h2><\/div>\n\n\n\n<div class=\"wp-block-stackable-text stk-block-text stk-block stk-ae50421\" data-block-id=\"ae50421\"><p class=\"stk-block-text__text\">Nuestra acci\u00f3n parte del reconocimiento de la autonom\u00eda, agencia y dignidad de las poblaciones, promovemos el ejercicio pleno de los derechos y la capacidad de las comunidades para participar y decidir.<\/p><\/div>\n<\/div><\/div><\/div>\n<\/div><\/div><\/div>\n\n\n\n<div class=\"wp-block-stackable-feature stk-block-feature stk-block stk-55d7688 is-style-default\" data-v=\"2\" data-block-id=\"55d7688\"><style>.stk-55d7688 {--stk-feature-flex-wrap:nowrap !important;}<\/style><div class=\"stk-content-align stk-55d7688-column stk-container stk-55d7688-container stk--no-background stk--no-padding\"><div class=\"stk-inner-blocks stk-block-content stk-row\">\n<div class=\"wp-block-stackable-column stk-block-column stk-column stk-block stk-52ff9a4\" data-v=\"4\" data-block-id=\"52ff9a4\"><style>.stk-52ff9a4 {align-self:center !important;}<\/style><div class=\"stk-column-wrapper stk-block-column__content stk-container stk-52ff9a4-container stk--no-background stk--no-padding\"><div class=\"stk-block-content stk-inner-blocks stk-52ff9a4-inner-blocks\">\n<div class=\"wp-block-stackable-heading stk-block-heading stk-block-heading--v2 stk-block stk-a80e956\" id=\"enfoque-intercultural\" data-block-id=\"a80e956\"><h2 class=\"stk-block-heading__text\">Enfoque intercultural<\/h2><\/div>\n\n\n\n<div class=\"wp-block-stackable-text stk-block-text stk-block stk-d5d0ebc\" data-block-id=\"d5d0ebc\"><p class=\"stk-block-text__text\">Promovemos relaciones respetuosas e interculturales, reconociendo las diversidades culturales y las brechas hist\u00f3ricas que afectan a las poblaciones altoandinas. Valoramos el di\u00e1logo de saberes, el respeto ling\u00fc\u00edstico, las formas democr\u00e1ticas y pac\u00edficas de resoluci\u00f3n de conflictos, y la consulta como herramienta leg\u00edtima de participaci\u00f3n.<\/p><\/div>\n<\/div><\/div><\/div>\n\n\n\n<div class=\"wp-block-stackable-column stk-block-column stk-column stk-block stk-186e13a\" data-v=\"4\" data-block-id=\"186e13a\"><style>.stk-186e13a {align-self:center !important;}<\/style><div class=\"stk-column-wrapper stk-block-column__content stk-container stk-186e13a-container stk--no-background stk--no-padding\"><div class=\"stk-block-content stk-inner-blocks stk-186e13a-inner-blocks\">\n<div class=\"wp-block-stackable-image stk-block-image stk-block stk-13adb7f\" data-block-id=\"13adb7f\"><figure><span class=\"stk-img-wrapper stk-image--shape-stretch\"><img loading=\"lazy\" decoding=\"async\" class=\"stk-img wp-image-9502\" src=\"https:\/\/derechosinfronteras.pe\/wp-content\/uploads\/2026\/04\/portda.jpg\" width=\"1000\" height=\"750\" srcset=\"https:\/\/derechosinfronteras.pe\/wp-content\/uploads\/2026\/04\/portda.jpg 1000w, https:\/\/derechosinfronteras.pe\/wp-content\/uploads\/2026\/04\/portda-300x225.jpg 300w, https:\/\/derechosinfronteras.pe\/wp-content\/uploads\/2026\/04\/portda-768x576.jpg 768w\" sizes=\"(max-width: 1000px) 100vw, 1000px\" \/><\/span><\/figure><\/div>\n<\/div><\/div><\/div>\n<\/div><\/div><\/div>\n\n\n\n<div class=\"wp-block-stackable-feature stk-block-feature stk-block stk-eb9e9fb is-style-default\" data-v=\"2\" data-block-id=\"eb9e9fb\"><style>.stk-eb9e9fb {--stk-feature-flex-wrap:nowrap !important;}<\/style><div class=\"stk-content-align stk-eb9e9fb-column stk-container stk-eb9e9fb-container stk--no-background stk--no-padding\"><div class=\"stk-inner-blocks stk-block-content stk-row\">\n<div class=\"wp-block-stackable-column stk-block-column stk-column stk-block stk-5bbb30d\" data-v=\"4\" data-block-id=\"5bbb30d\"><style>.stk-5bbb30d {align-self:center !important;}<\/style><div class=\"stk-column-wrapper stk-block-column__content stk-container stk-5bbb30d-container stk--no-background stk--no-padding\"><div class=\"stk-block-content stk-inner-blocks stk-5bbb30d-inner-blocks\">\n<div class=\"wp-block-stackable-image stk-block-image stk-block stk-ff3cd11\" data-block-id=\"ff3cd11\"><figure><span class=\"stk-img-wrapper stk-image--shape-stretch\"><img loading=\"lazy\" decoding=\"async\" class=\"stk-img wp-image-9613\" src=\"https:\/\/derechosinfronteras.pe\/wp-content\/uploads\/2026\/04\/2-1-1.jpg\" width=\"1000\" height=\"667\" srcset=\"https:\/\/derechosinfronteras.pe\/wp-content\/uploads\/2026\/04\/2-1-1.jpg 1000w, https:\/\/derechosinfronteras.pe\/wp-content\/uploads\/2026\/04\/2-1-1-300x200.jpg 300w, https:\/\/derechosinfronteras.pe\/wp-content\/uploads\/2026\/04\/2-1-1-768x512.jpg 768w\" sizes=\"(max-width: 1000px) 100vw, 1000px\" \/><\/span><\/figure><\/div>\n<\/div><\/div><\/div>\n\n\n\n<div class=\"wp-block-stackable-column stk-block-column stk-column stk-block stk-29c66f1\" data-v=\"4\" data-block-id=\"29c66f1\"><style>.stk-29c66f1 {align-self:center !important;}<\/style><div class=\"stk-column-wrapper stk-block-column__content stk-container stk-29c66f1-container stk--no-background stk--no-padding\"><div class=\"stk-block-content stk-inner-blocks stk-29c66f1-inner-blocks\">\n<div class=\"wp-block-stackable-heading stk-block-heading stk-block-heading--v2 stk-block stk-32cf563\" id=\"inspiracion-en-la-teologia-de-la-liberacion\" data-block-id=\"32cf563\"><h2 class=\"stk-block-heading__text\">Inspiraci\u00f3n en la teolog\u00eda de la liberaci\u00f3n<\/h2><\/div>\n\n\n\n<div class=\"wp-block-stackable-text stk-block-text stk-block stk-1c5d7db\" data-block-id=\"1c5d7db\"><p class=\"stk-block-text__text\">Este enfoque expresa un compromiso \u00e9tico con las personas y comunidades que viven en contextos de vulneraci\u00f3n social y ambiental. No es una pr\u00e1ctica confesional, sino una orientaci\u00f3n hacia la vida plena, la solidaridad, la autonom\u00eda y la dignidad de las poblaciones con las que trabajamos.<\/p><\/div>\n<\/div><\/div><\/div>\n<\/div><\/div><\/div>\n\n\n\n<div class=\"wp-block-stackable-feature stk-block-feature stk-block stk-d09e0c5 is-style-default\" data-v=\"2\" data-block-id=\"d09e0c5\"><style>.stk-d09e0c5 {--stk-feature-flex-wrap:nowrap !important;}<\/style><div class=\"stk-content-align stk-d09e0c5-column stk-container stk-d09e0c5-container stk--no-background stk--no-padding\"><div class=\"stk-inner-blocks stk-block-content stk-row\">\n<div class=\"wp-block-stackable-column stk-block-column stk-column stk-block stk-e8d9438\" data-v=\"4\" data-block-id=\"e8d9438\"><style>.stk-e8d9438 {align-self:center !important;}<\/style><div class=\"stk-column-wrapper stk-block-column__content stk-container stk-e8d9438-container stk--no-background stk--no-padding\"><div class=\"stk-block-content stk-inner-blocks stk-e8d9438-inner-blocks\">\n<div class=\"wp-block-stackable-heading stk-block-heading stk-block-heading--v2 stk-block stk-632b7c0\" id=\"enfoque-intergeneracional\" data-block-id=\"632b7c0\"><h2 class=\"stk-block-heading__text\">Enfoque intergeneracional<\/h2><\/div>\n\n\n\n<div class=\"wp-block-stackable-text stk-block-text stk-block stk-7f9592e\" data-block-id=\"7f9592e\"><p class=\"stk-block-text__text\">Reconocemos la diversidad de edades presentes en las comunidades y la necesidad de tender puentes entre ni\u00f1as, ni\u00f1os, j\u00f3venes, adultas, adultos y personas mayores para fortalecer relaciones colaborativas y complementarias.<\/p><\/div>\n<\/div><\/div><\/div>\n\n\n\n<div class=\"wp-block-stackable-column stk-block-column stk-column stk-block stk-a3bf59a\" data-v=\"4\" data-block-id=\"a3bf59a\"><style>.stk-a3bf59a {align-self:center !important;}<\/style><div class=\"stk-column-wrapper stk-block-column__content stk-container stk-a3bf59a-container stk--no-background stk--no-padding\"><div class=\"stk-block-content stk-inner-blocks stk-a3bf59a-inner-blocks\">\n<div class=\"wp-block-stackable-image alignfull stk-block-image stk-block stk-a76a8f9\" data-block-id=\"a76a8f9\"><style>.stk-a76a8f9 .stk-img-wrapper{width:100% !important;height:350px !important;}<\/style><figure><span class=\"stk-img-wrapper stk-image--shape-stretch\"><img loading=\"lazy\" decoding=\"async\" class=\"stk-img wp-image-9486\" src=\"https:\/\/derechosinfronteras.pe\/wp-content\/uploads\/2026\/04\/IMG_9586-3.jpg\" width=\"1000\" height=\"667\" srcset=\"https:\/\/derechosinfronteras.pe\/wp-content\/uploads\/2026\/04\/IMG_9586-3.jpg 1000w, https:\/\/derechosinfronteras.pe\/wp-content\/uploads\/2026\/04\/IMG_9586-3-300x200.jpg 300w, https:\/\/derechosinfronteras.pe\/wp-content\/uploads\/2026\/04\/IMG_9586-3-768x512.jpg 768w\" sizes=\"(max-width: 1000px) 100vw, 1000px\" \/><\/span><\/figure><\/div>\n<\/div><\/div><\/div>\n<\/div><\/div><\/div>\n\n\n\n<div class=\"wp-block-stackable-feature stk-block-feature stk-block stk-4135936 is-style-default\" data-v=\"2\" data-block-id=\"4135936\"><style>.stk-4135936 {--stk-feature-flex-wrap:nowrap !important;}<\/style><div class=\"stk-content-align stk-4135936-column stk-container stk-4135936-container stk--no-background stk--no-padding\"><div class=\"stk-inner-blocks stk-block-content stk-row\">\n<div class=\"wp-block-stackable-column stk-block-column stk-column stk-block stk-f11a903\" data-v=\"4\" data-block-id=\"f11a903\"><style>.stk-f11a903 {align-self:center !important;}<\/style><div class=\"stk-column-wrapper stk-block-column__content stk-container stk-f11a903-container stk--no-background stk--no-padding\"><div class=\"stk-block-content stk-inner-blocks stk-f11a903-inner-blocks\">\n<div class=\"wp-block-stackable-image stk-block-image stk-block stk-688be4e\" data-block-id=\"688be4e\"><figure><span class=\"stk-img-wrapper stk-image--shape-stretch\"><img loading=\"lazy\" decoding=\"async\" class=\"stk-img wp-image-9379\" src=\"https:\/\/derechosinfronteras.pe\/wp-content\/uploads\/2026\/04\/IMG_9608-7.jpg\" width=\"1000\" height=\"667\" srcset=\"https:\/\/derechosinfronteras.pe\/wp-content\/uploads\/2026\/04\/IMG_9608-7.jpg 1000w, https:\/\/derechosinfronteras.pe\/wp-content\/uploads\/2026\/04\/IMG_9608-7-300x200.jpg 300w, https:\/\/derechosinfronteras.pe\/wp-content\/uploads\/2026\/04\/IMG_9608-7-768x512.jpg 768w\" sizes=\"(max-width: 1000px) 100vw, 1000px\" \/><\/span><\/figure><\/div>\n<\/div><\/div><\/div>\n\n\n\n<div class=\"wp-block-stackable-column stk-block-column stk-column stk-block stk-8f3ca3c\" data-v=\"4\" data-block-id=\"8f3ca3c\"><style>.stk-8f3ca3c {align-self:center !important;}<\/style><div class=\"stk-column-wrapper stk-block-column__content stk-container stk-8f3ca3c-container stk--no-background stk--no-padding\"><div class=\"stk-block-content stk-inner-blocks stk-8f3ca3c-inner-blocks\">\n<div class=\"wp-block-stackable-heading stk-block-heading stk-block-heading--v2 stk-block stk-2e04f98\" id=\"enfoque-ambiental\" data-block-id=\"2e04f98\"><h2 class=\"stk-block-heading__text\">Enfoque ambiental<\/h2><\/div>\n\n\n\n<div class=\"wp-block-stackable-text stk-block-text stk-block stk-2d6ff1d\" data-block-id=\"2d6ff1d\"><p class=\"stk-block-text__text\">Entendemos los territorios como espacios de vida, no como objetos de explotaci\u00f3n. Promovemos el reconocimiento de los derechos de la madre tierra y el cuidado de los ecosistemas como base del bienestar colectivo.<\/p><\/div>\n<\/div><\/div><\/div>\n<\/div><\/div><\/div>","protected":false},"excerpt":{"rendered":"<p>Justicia de g\u00e9nero Reconocemos las desigualdades estructurales entre mujeres y varones, y promovemos relaciones basadas en la equidad, la autonom\u00eda y la participaci\u00f3n plena de las mujeres en sus organizaciones y comunidades. Enfoque de derechos Nuestra acci\u00f3n parte del reconocimiento de la autonom\u00eda, agencia y dignidad de las poblaciones, promovemos el ejercicio pleno de los [&hellip;]<\/p>\n","protected":false},"author":1,"featured_media":0,"parent":0,"menu_order":0,"comment_status":"closed","ping_status":"closed","template":"","meta":{"_monsterinsights_skip_tracking":false,"_monsterinsights_sitenote_active":false,"_monsterinsights_sitenote_note":"","_monsterinsights_sitenote_category":0,"footnotes":""},"class_list":["post-9634","page","type-page","status-publish","hentry"],"blocksy_meta":[],"jetpack_sharing_enabled":true,"jetpack_likes_enabled":true,"_links":{"self":[{"href":"https:\/\/derechosinfronteras.pe\/ingles\/wp-json\/wp\/v2\/pages\/9634","targetHints":{"allow":["GET"]}}],"collection":[{"href":"https:\/\/derechosinfronteras.pe\/ingles\/wp-json\/wp\/v2\/pages"}],"about":[{"href":"https:\/\/derechosinfronteras.pe\/ingles\/wp-json\/wp\/v2\/types\/page"}],"author":[{"embeddable":true,"href":"https:\/\/derechosinfronteras.pe\/ingles\/wp-json\/wp\/v2\/users\/1"}],"replies":[{"embeddable":true,"href":"https:\/\/derechosinfronteras.pe\/ingles\/wp-json\/wp\/v2\/comments?post=9634"}],"version-history":[{"count":9,"href":"https:\/\/derechosinfronteras.pe\/ingles\/wp-json\/wp\/v2\/pages\/9634\/revisions"}],"predecessor-version":[{"id":9649,"href":"https:\/\/derechosinfronteras.pe\/ingles\/wp-json\/wp\/v2\/pages\/9634\/revisions\/9649"}],"wp:attachment":[{"href":"https:\/\/derechosinfronteras.pe\/ingles\/wp-json\/wp\/v2\/media?parent=9634"}],"curies":[{"name":"wp","href":"https:\/\/api.w.org\/{rel}","templated":true}]}}